{"id":2688,"date":"2021-07-02T08:45:30","date_gmt":"2021-07-02T08:45:30","guid":{"rendered":"https:\/\/www.fincasmallorcacharme.com\/blog\/?page_id=2688"},"modified":"2021-07-02T08:47:07","modified_gmt":"2021-07-02T08:47:07","slug":"son-real","status":"publish","type":"page","link":"https:\/\/www.fincasmallorcacharme.com\/blog\/son-real\/","title":{"rendered":"Son Real"},"content":{"rendered":"<p style=\"text-align: center;\">Te proponemos un plan perfecto para hacer con ni\u00f1os en cualquier \u00e9poca del a\u00f1o, porque tambi\u00e9n puedes disfrutar de esta propuesta en verano. Visita la finca p\u00fablica de Son Real, en la costa noreste de Mallorca, en la carretera entre Can Picafort y Art\u00e0, en el municipio de Santa Margalida. Aqu\u00ed podr\u00e1s realizar alguno de los itinerarios que te proponen, pasar un d\u00eda de playa o pernoctar en su refugio.<\/p>\n<p style=\"text-align: center;\">&nbsp;<\/p>\n<div id=\"toc_container\" class=\"no_bullets\"><p class=\"toc_title\">&Uuml;bersicht<\/p><ul class=\"toc_list\"><li><a href=\"#Historia_de_Son_Real\"><span class=\"toc_number toc_depth_1\">1<\/span> Historia de Son Real<\/a><\/li><li><a href=\"#La_Finca_de_Son_Real\"><span class=\"toc_number toc_depth_1\">2<\/span> La Finca de Son Real<\/a><\/li><li><a href=\"#Importancia_arqueologica\"><span class=\"toc_number toc_depth_1\">3<\/span> Importancia arqueol\u00f3gica<\/a><\/li><li><a href=\"#Rutas_relacionadas_con_la_familia_en_Son_Real\"><span class=\"toc_number toc_depth_1\">4<\/span> Rutas relacionadas con la familia en Son Real<\/a><\/li><li><a href=\"#Refugio_Cas_Garriguer_de_son_Real\"><span class=\"toc_number toc_depth_1\">5<\/span> Refugio Cas Garriguer de son Real<\/a><\/li><\/ul><\/div>\n<h2 style=\"text-align: center;\"><span id=\"Historia_de_Son_Real\">Historia de Son Real<\/span><\/h2>\n<p style=\"text-align: center;\">&nbsp;<\/p>\n<p style=\"text-align: center;\"><img fetchpriority=\"high\" decoding=\"async\" class=\"aligncenter size-full wp-image-2405\" src=\"http:\/\/www.fincasmallorcacharme.com\/blog\/wp-content\/uploads\/2020\/07\/casas-de-son-real.jpg\" alt=\" Son Real Finca\" width=\"768\" height=\"488\" srcset=\"https:\/\/www.fincasmallorcacharme.com\/blog\/wp-content\/uploads\/2020\/07\/casas-de-son-real.jpg 768w, https:\/\/www.fincasmallorcacharme.com\/blog\/wp-content\/uploads\/2020\/07\/casas-de-son-real-300x191.jpg 300w\" sizes=\"(max-width: 768px) 100vw, 768px\" \/><\/p>\n<p style=\"text-align: center;\">&nbsp;<\/p>\n<p style=\"text-align: center;\">La finca fue adquirida por el gobierno en 2002 con el objetivo de preservar todos sus valores naturales y etnol\u00f3gicos y sus yacimientos arqueol\u00f3gicos. En una superficie de 395 hect\u00e1reas encontramos<\/p>\n<p style=\"text-align: center;\">&#8211; Algunas antiguas casas t\u00edpicas mallorquinas (possesi\u00f3) todav\u00eda en uso, con ganado local y cultivos tradicionales mallorquines.<\/p>\n<p style=\"text-align: center;\">&#8211; Un amplio aparcamiento privado y gratuito.<\/p>\n<p style=\"text-align: center;\">&#8211; Una oficina de informaci\u00f3n<\/p>\n<p style=\"text-align: center;\">&#8211; Un espectacular centro de interpretaci\u00f3n y un museo arqueol\u00f3gico en la finca, de acceso gratuito.<\/p>\n<p style=\"text-align: center;\">&#8211; Yacimientos arqueol\u00f3gicos, Son Real es la zona con mayor concentraci\u00f3n de enterramientos prehist\u00f3ricos de Mallorca.<\/p>\n<p style=\"text-align: center;\">&#8211; Un conjunto de ecosistemas naturales con sistemas dunares, matorrales y sabinares.<\/p>\n<p style=\"text-align: center;\">&#8211; Antiguas canteras de arena, restos de la actividad humana a lo largo de los siglos.<\/p>\n<p style=\"text-align: center;\">&#8211; Torres costeras de infiltraci\u00f3n. Antiguas construcciones militares.<\/p>\n<p style=\"text-align: center;\">&#8211; Itinerarios que se pueden recorrer a pie o en bicicleta, ideales para la familia.<\/p>\n<p style=\"text-align: center;\">&#8211; Un refugio con 8 plazas para pernoctar.<\/p>\n<p style=\"text-align: center;\">&#8211; Servicio de alquiler de bicicletas.<\/p>\n<h2 style=\"text-align: center;\"><span id=\"La_Finca_de_Son_Real\">La Finca de Son Real<\/span><\/h2>\n<p style=\"text-align: center;\">&nbsp;<\/p>\n<p style=\"text-align: center;\">Las casas de la finca datan de la Edad Media y constituyen un conjunto arquitect\u00f3nico muy tradicional en la isla, ya que constan de varias casas se\u00f1oriales, un patio, torres de defensa, una capilla, varios almacenes, &#8230; almacenes.<\/p>\n<p style=\"text-align: center;\">&nbsp;<\/p>\n<p style=\"text-align: center;\"><img decoding=\"async\" class=\"aligncenter size-full wp-image-2402\" src=\"http:\/\/www.fincasmallorcacharme.com\/blog\/wp-content\/uploads\/2020\/07\/playa-son-real.jpg\" alt=\"Son Real Weg\" width=\"768\" height=\"488\" srcset=\"https:\/\/www.fincasmallorcacharme.com\/blog\/wp-content\/uploads\/2020\/07\/playa-son-real.jpg 768w, https:\/\/www.fincasmallorcacharme.com\/blog\/wp-content\/uploads\/2020\/07\/playa-son-real-300x191.jpg 300w\" sizes=\"(max-width: 768px) 100vw, 768px\" \/><\/p>\n<p style=\"text-align: center;\">&nbsp;<\/p>\n<p style=\"text-align: center;\">En una de las zonas m\u00e1s grandes, Ses Cases Noves, se encuentra el Centro de Interpretaci\u00f3n de Son Real, inaugurado en 2008, con una tem\u00e1tica etnol\u00f3gica que nos muestra el universo rural en contraste con el mundo contempor\u00e1neo de una forma muy original y divertida para los ni\u00f1os. En el edificio contiguo, al que podemos acceder sin salir al exterior, se encuentra el Museo Arqueol\u00f3gico con una zona infantil que se utiliza para realizar talleres en fechas concretas.<\/p>\n<p style=\"text-align: center;\">Alrededor de la granja podemos ver animales aut\u00f3ctonos como ovejas, gallinas o burros.<\/p>\n<p style=\"text-align: center;\">El acceso a la finca y a su espectacular museo, al aparcamiento y a las diferentes rutas es gratuito.<\/p>\n<h2 style=\"text-align: center;\"><span id=\"Importancia_arqueologica\">Importancia arqueol\u00f3gica<\/span><\/h2>\n<p style=\"text-align: center;\">&nbsp;<\/p>\n<p style=\"text-align: center;\">Lo m\u00e1s destacado es que se pueden encontrar restos de presencia humana de hace m\u00e1s de 4.500 a\u00f1os en muy buen estado. La m\u00e1s conocida es la necr\u00f3polis de Son Real, un conjunto de tumbas muy bien conservadas. Su peculiaridad y lo que la convierte en un lugar digno de visitar es que est\u00e1 situada al borde del mar y cuenta con numerosos monumentos: tumbas, la necr\u00f3polis del Illot des Porros (&#8216;puerro&#8217;), un dolmen, varias cuevas artificiales al borde del mar,&#8230;<\/p>\n<p style=\"text-align: center;\">Tambi\u00e9n podemos encontrar los restos de un poblado pretalay\u00f3tico: Es Figueral de Son Real, que data de unos 1000 a.C. a 80 a.C.<\/p>\n<p style=\"text-align: center;\"><img decoding=\"async\" class=\"aligncenter wp-image-2390 size-full\" title=\"son real can picafort deutsch\" src=\"http:\/\/www.fincasmallorcacharme.com\/blog\/wp-content\/uploads\/2020\/07\/son-real.jpg\" alt=\"son real can picafort deutsch\" width=\"768\" height=\"468\" srcset=\"https:\/\/www.fincasmallorcacharme.com\/blog\/wp-content\/uploads\/2020\/07\/son-real.jpg 768w, https:\/\/www.fincasmallorcacharme.com\/blog\/wp-content\/uploads\/2020\/07\/son-real-300x183.jpg 300w\" sizes=\"(max-width: 768px) 100vw, 768px\" \/><\/p>\n<h2 style=\"text-align: center;\"><span id=\"Rutas_relacionadas_con_la_familia_en_Son_Real\">Rutas relacionadas con la familia en Son Real<\/span><\/h2>\n<p style=\"text-align: center;\">&nbsp;<\/p>\n<p style=\"text-align: center;\">La finca cuenta con 4 rutas se\u00f1alizadas que permiten visitar los diferentes entornos naturales y agr\u00edcolas de Son Real, disfrutando de toda su riqueza tanto a pie como en bicicleta (se pueden alquilar bicicletas). Estas rutas le llevar\u00e1n a los principales monumentos de la finca: Talaiot des Figueral, necr\u00f3polis de la Punta des Fenicis, dolmen, caba\u00f1a, playa&#8230;<\/p>\n<p style=\"text-align: center;\">Son las siguientes para recorrerlas de pie o en bicicleta:<\/p>\n<p style=\"text-align: center;\">Poblado pretalay\u00f3tico de Es Figueral<\/p>\n<p style=\"text-align: center;\">Dificultad: Baja<\/p>\n<p style=\"text-align: center;\">Distancia: 1 km<\/p>\n<p style=\"text-align: center;\">Duraci\u00f3n: 15 min<\/p>\n<p style=\"text-align: center;\">Es una ruta muy corta que pasa por la zona agr\u00edcola de la finca para llegar al famoso talaiot de Es Figueral. El camino comienza junto al Centro de Interpretaci\u00f3n de la finca.<\/p>\n<p style=\"text-align: center;\">Alojamiento El Cam\u00ed de l&#8217;Illa des Porros y Cas Garriguer<\/p>\n<p style=\"text-align: center;\">Dificultad: Baja<\/p>\n<p style=\"text-align: center;\">Distancia: 1,9 km<\/p>\n<p style=\"text-align: center;\">Duraci\u00f3n: 30 minutos<\/p>\n<p style=\"text-align: center;\">Su punto de partida se encuentra justo al lado de las casas de Son Real, a la izquierda, y conduce a la playa a trav\u00e9s de una zona de exuberante vegetaci\u00f3n, con pinos y acebuches. Tambi\u00e9n nos lleva directamente al Refugio de Son Real, que est\u00e1 muy cerca de la playa. Al llegar a \u00e9l, encontraremos el Illot des Porros, donde se ha descubierto un importante yacimiento talay\u00f3tico.<\/p>\n<p style=\"text-align: center;\">Recorrido por la necr\u00f3polis de la Punta des Fenicis de Son Real<\/p>\n<p style=\"text-align: center;\">Dificultad: Pista baja y bastante llana.<\/p>\n<p style=\"text-align: center;\">Distancia: 2,3 km<\/p>\n<p style=\"text-align: center;\">Duraci\u00f3n: 40 minutos<\/p>\n<p style=\"text-align: center;\">Se parte del mismo punto de partida que el Cam\u00ed de l&#8217;Illa des Porros, pero casi al final de la primera ruta hay un desv\u00edo que lleva directamente a la necr\u00f3polis. Estos dos itinerarios se pueden tomar juntos formando un c\u00edrculo, ya que ambos conducen a la playa. La Necr\u00f3polis es el punto culminante de todos los itinerarios por su alto grado de conservaci\u00f3n y su especial ubicaci\u00f3n cerca de la playa. Cerca de la necr\u00f3polis encontramos los restos de un antiguo dolmen.<\/p>\n<p style=\"text-align: center;\">Itinerario de Son Baul\u00f3 a Son Real<\/p>\n<p style=\"text-align: center;\">Nivel de dificultad: Baja, es el recorrido m\u00e1s largo.<\/p>\n<p style=\"text-align: center;\">Distancia: 3,6 km<\/p>\n<p style=\"text-align: center;\">Duraci\u00f3n: 60 minutos<\/p>\n<p style=\"text-align: center;\">Este itinerario conecta la playa de Son Baul\u00f3 en Can Picafort con las casas de Son Real. Al atravesar diferentes zonas, tiene vistas m\u00e1s variadas que las rutas anteriores. Al final de la playa podemos llegar al paseo mar\u00edtimo que bordea la playa del puerto de Can Picafort, donde podemos encontrar varias tiendas y restaurantes, es una zona m\u00e1s tur\u00edstica.<\/p>\n<h2 style=\"text-align: center;\"><span id=\"Refugio_Cas_Garriguer_de_son_Real\">Refugio Cas Garriguer de son Real<\/span><\/h2>\n<p style=\"text-align: center;\">Situado cerca de la playa y accesible desde la primera ruta, este sitio ha sido renovado y convertido en un refugio, que actualmente est\u00e1 integrado en la red de refugios gestionados por el IBANAT y pertenecientes al Gobierno de las Islas Baleares. Para un total de 8 personas.<\/p>\n<p style=\"text-align: center;\">El acceso es a pie y el aparcamiento gratuito est\u00e1 a 1,8 km, pero si tienes ni\u00f1os menores de tres a\u00f1os o personas con movilidad reducida, puedes pedir permiso para llegar al refugio en coche.<\/p>\n<p style=\"text-align: center;\">Consta de una sola planta con varias estancias: ba\u00f1o, sal\u00f3n con estufa de le\u00f1a y una sala com\u00fan. Una superficie \u00fatil de 48 m2.<\/p>\n<p style=\"text-align: center;\">Dentro del refugio hay una mesa y un banco, cuatro literas, un ba\u00f1o para personas con movilidad reducida, una chimenea, un botiqu\u00edn y un extintor. La caba\u00f1a dispone de electricidad mediante paneles solares y agua corriente no potable. En el exterior de la caba\u00f1a hay una ducha y un banco de piedra. El refugio tambi\u00e9n dispone de le\u00f1a y un punto verde.<\/p>\n<p style=\"text-align: center;\">Las reservas para el refugio s\u00f3lo pueden hacerse en l\u00ednea a trav\u00e9s de este sitio web: Reserva de refugios y albergues IBANAT MALLORCA.<\/p>\n<p style=\"text-align: center;\">Para consultas y aclaraciones se puede llamar al 971 17 76 52 (de lunes a viernes de 10 a 14)<\/p>\n<p style=\"text-align: center;\">Los datos t\u00e9cnicos de la operaci\u00f3n son reales<\/p>\n<p style=\"text-align: center;\">Zona: Can Picafort. Costa noreste de Mallorca.<\/p>\n<p style=\"text-align: center;\">Desde: 4 a\u00f1os.<\/p>\n<p style=\"text-align: center;\">Inicio: La entrada a la finca est\u00e1 en el km 17,7 de la carretera Art\u00e0 &#8211; Port d&#8217;Alc\u00fadia (Ma &#8211; 12).<\/p>\n<p style=\"text-align: center;\">Grado de dificultad: bajo.<\/p>\n<p style=\"text-align: center;\">Tipo: 4 rutas de ida y vuelta.<\/p>\n<p style=\"text-align: center;\">Duraci\u00f3n: La ruta m\u00e1s larga es de 60 minutos.<\/p>\n<p style=\"text-align: center;\">Horario de apertura de la finca: Todo el a\u00f1o; la oficina, el Centro de Interpretaci\u00f3n y el Museo Arqueol\u00f3gico est\u00e1n abiertos de 9 a 16 horas.<\/p>\n<p style=\"text-align: center;\">Aparcamiento: S\u00cd<\/p>\n<p style=\"text-align: center;\">Servicios: Recepci\u00f3n, aseos p\u00fablicos, centro de interpretaci\u00f3n, museo arqueol\u00f3gico, refugio y alquiler de bicicletas<\/p>\n<p style=\"text-align: center;\">Paseos: S\u00cd, pero es un camino de tierra con peque\u00f1as piedras.<\/p>\n<p style=\"text-align: center;\">Portabeb\u00e9s: S\u00cd.<\/p>\n<p style=\"text-align: center;\">No se permite la entrada de animales dom\u00e9sticos o de compa\u00f1\u00eda, ya que pueden molestar y da\u00f1ar la fauna y flora existente en la finca.<\/p>\n<p style=\"text-align: center;\">Tel\u00e9fono de contacto: 971 18 53 63<\/p>\n<p style=\"text-align: center;\">Precio: acceso gratuito. Visita gratuita al museo.<\/p>\n<p style=\"text-align: center;\">P\u00e1gina web: m\u00e1s informaci\u00f3n sobre el<\/p>\n<p style=\"text-align: center;\"><a href=\"https:\/\/es.balearsnatura.com\/parque_natural\/finca-publica-de-son-real\/\" target=\"_blank\" rel=\"noopener noreferrer\">Finca P\u00fablica Son Real<\/a><\/p>\n","protected":false},"excerpt":{"rendered":"<p>Te proponemos un plan perfecto para hacer con ni\u00f1os en cualquier \u00e9poca del a\u00f1o, porque tambi\u00e9n puedes disfrutar de esta propuesta en verano. Visita la finca p\u00fablica de Son Real, en la costa noreste de Mallorca, en la carretera entre Can Picafort y Art\u00e0, en el municipio de Santa Margalida. Aqu\u00ed podr\u00e1s realizar alguno de&#8230;<\/p>\n","protected":false},"author":2,"featured_media":0,"parent":0,"menu_order":0,"comment_status":"closed","ping_status":"closed","template":"","meta":{"ngg_post_thumbnail":0,"footnotes":""},"class_list":["post-2688","page","type-page","status-publish","hentry"],"yoast_head":"<!-- This site is optimized with the Yoast SEO plugin v26.2 - https:\/\/yoast.com\/wordpress\/plugins\/seo\/ -->\n<title>Son Real - Blog Mallorca Charme<\/title>\n<meta name=\"robots\" content=\"index, follow, max-snippet:-1, max-image-preview:large, max-video-preview:-1\" \/>\n<link rel=\"canonical\" href=\"https:\/\/www.fincasmallorcacharme.com\/blog\/son-real\/\" \/>\n<meta property=\"og:locale\" content=\"es_ES\" \/>\n<meta property=\"og:type\" content=\"article\" \/>\n<meta property=\"og:title\" content=\"Son Real - Blog Mallorca Charme\" \/>\n<meta property=\"og:description\" content=\"Te proponemos un plan perfecto para hacer con ni\u00f1os en cualquier \u00e9poca del a\u00f1o, porque tambi\u00e9n puedes disfrutar de esta propuesta en verano. Visita la finca p\u00fablica de Son Real, en la costa noreste de Mallorca, en la carretera entre Can Picafort y Art\u00e0, en el municipio de Santa Margalida. Aqu\u00ed podr\u00e1s realizar alguno de...\" \/>\n<meta property=\"og:url\" content=\"https:\/\/www.fincasmallorcacharme.com\/blog\/son-real\/\" \/>\n<meta property=\"og:site_name\" content=\"Blog Mallorca Charme\" \/>\n<meta property=\"article:modified_time\" content=\"2021-07-02T08:47:07+00:00\" \/>\n<meta property=\"og:image\" content=\"http:\/\/www.fincasmallorcacharme.com\/blog\/wp-content\/uploads\/2020\/07\/casas-de-son-real.jpg\" \/>\n<meta name=\"twitter:card\" content=\"summary_large_image\" \/>\n<meta name=\"twitter:label1\" content=\"Tiempo de lectura\" \/>\n\t<meta name=\"twitter:data1\" content=\"7 minutos\" \/>\n<script type=\"application\/ld+json\" class=\"yoast-schema-graph\">{\"@context\":\"https:\/\/schema.org\",\"@graph\":[{\"@type\":\"WebPage\",\"@id\":\"https:\/\/www.fincasmallorcacharme.com\/blog\/son-real\/\",\"url\":\"https:\/\/www.fincasmallorcacharme.com\/blog\/son-real\/\",\"name\":\"Son Real - Blog Mallorca Charme\",\"isPartOf\":{\"@id\":\"https:\/\/www.fincasmallorcacharme.com\/blog\/en\/#website\"},\"primaryImageOfPage\":{\"@id\":\"https:\/\/www.fincasmallorcacharme.com\/blog\/son-real\/#primaryimage\"},\"image\":{\"@id\":\"https:\/\/www.fincasmallorcacharme.com\/blog\/son-real\/#primaryimage\"},\"thumbnailUrl\":\"http:\/\/www.fincasmallorcacharme.com\/blog\/wp-content\/uploads\/2020\/07\/casas-de-son-real.jpg\",\"datePublished\":\"2021-07-02T08:45:30+00:00\",\"dateModified\":\"2021-07-02T08:47:07+00:00\",\"inLanguage\":\"es\",\"potentialAction\":[{\"@type\":\"ReadAction\",\"target\":[\"https:\/\/www.fincasmallorcacharme.com\/blog\/son-real\/\"]}]},{\"@type\":\"ImageObject\",\"inLanguage\":\"es\",\"@id\":\"https:\/\/www.fincasmallorcacharme.com\/blog\/son-real\/#primaryimage\",\"url\":\"http:\/\/www.fincasmallorcacharme.com\/blog\/wp-content\/uploads\/2020\/07\/casas-de-son-real.jpg\",\"contentUrl\":\"http:\/\/www.fincasmallorcacharme.com\/blog\/wp-content\/uploads\/2020\/07\/casas-de-son-real.jpg\"},{\"@type\":\"WebSite\",\"@id\":\"https:\/\/www.fincasmallorcacharme.com\/blog\/en\/#website\",\"url\":\"https:\/\/www.fincasmallorcacharme.com\/blog\/en\/\",\"name\":\"Blog Mallorca Charme\",\"description\":\"Fincasmallorcacharme Blog\",\"publisher\":{\"@id\":\"https:\/\/www.fincasmallorcacharme.com\/blog\/en\/#organization\"},\"potentialAction\":[{\"@type\":\"SearchAction\",\"target\":{\"@type\":\"EntryPoint\",\"urlTemplate\":\"https:\/\/www.fincasmallorcacharme.com\/blog\/en\/?s={search_term_string}\"},\"query-input\":{\"@type\":\"PropertyValueSpecification\",\"valueRequired\":true,\"valueName\":\"search_term_string\"}}],\"inLanguage\":\"es\"},{\"@type\":\"Organization\",\"@id\":\"https:\/\/www.fincasmallorcacharme.com\/blog\/en\/#organization\",\"name\":\"Blog Mallorca Charme\",\"url\":\"https:\/\/www.fincasmallorcacharme.com\/blog\/en\/\",\"logo\":{\"@type\":\"ImageObject\",\"inLanguage\":\"es\",\"@id\":\"https:\/\/www.fincasmallorcacharme.com\/blog\/en\/#\/schema\/logo\/image\/\",\"url\":\"https:\/\/www.fincasmallorcacharme.com\/blog\/wp-content\/uploads\/2020\/02\/cropped-headerrrrr-1.png\",\"contentUrl\":\"https:\/\/www.fincasmallorcacharme.com\/blog\/wp-content\/uploads\/2020\/02\/cropped-headerrrrr-1.png\",\"width\":1250,\"height\":250,\"caption\":\"Blog Mallorca Charme\"},\"image\":{\"@id\":\"https:\/\/www.fincasmallorcacharme.com\/blog\/en\/#\/schema\/logo\/image\/\"}}]}<\/script>\n<!-- \/ Yoast SEO plugin. -->","yoast_head_json":{"title":"Son Real - Blog Mallorca Charme","robots":{"index":"index","follow":"follow","max-snippet":"max-snippet:-1","max-image-preview":"max-image-preview:large","max-video-preview":"max-video-preview:-1"},"canonical":"https:\/\/www.fincasmallorcacharme.com\/blog\/son-real\/","og_locale":"es_ES","og_type":"article","og_title":"Son Real - Blog Mallorca Charme","og_description":"Te proponemos un plan perfecto para hacer con ni\u00f1os en cualquier \u00e9poca del a\u00f1o, porque tambi\u00e9n puedes disfrutar de esta propuesta en verano. Visita la finca p\u00fablica de Son Real, en la costa noreste de Mallorca, en la carretera entre Can Picafort y Art\u00e0, en el municipio de Santa Margalida. Aqu\u00ed podr\u00e1s realizar alguno de...","og_url":"https:\/\/www.fincasmallorcacharme.com\/blog\/son-real\/","og_site_name":"Blog Mallorca Charme","article_modified_time":"2021-07-02T08:47:07+00:00","og_image":[{"url":"http:\/\/www.fincasmallorcacharme.com\/blog\/wp-content\/uploads\/2020\/07\/casas-de-son-real.jpg","type":"","width":"","height":""}],"twitter_card":"summary_large_image","twitter_misc":{"Tiempo de lectura":"7 minutos"},"schema":{"@context":"https:\/\/schema.org","@graph":[{"@type":"WebPage","@id":"https:\/\/www.fincasmallorcacharme.com\/blog\/son-real\/","url":"https:\/\/www.fincasmallorcacharme.com\/blog\/son-real\/","name":"Son Real - Blog Mallorca Charme","isPartOf":{"@id":"https:\/\/www.fincasmallorcacharme.com\/blog\/en\/#website"},"primaryImageOfPage":{"@id":"https:\/\/www.fincasmallorcacharme.com\/blog\/son-real\/#primaryimage"},"image":{"@id":"https:\/\/www.fincasmallorcacharme.com\/blog\/son-real\/#primaryimage"},"thumbnailUrl":"http:\/\/www.fincasmallorcacharme.com\/blog\/wp-content\/uploads\/2020\/07\/casas-de-son-real.jpg","datePublished":"2021-07-02T08:45:30+00:00","dateModified":"2021-07-02T08:47:07+00:00","inLanguage":"es","potentialAction":[{"@type":"ReadAction","target":["https:\/\/www.fincasmallorcacharme.com\/blog\/son-real\/"]}]},{"@type":"ImageObject","inLanguage":"es","@id":"https:\/\/www.fincasmallorcacharme.com\/blog\/son-real\/#primaryimage","url":"http:\/\/www.fincasmallorcacharme.com\/blog\/wp-content\/uploads\/2020\/07\/casas-de-son-real.jpg","contentUrl":"http:\/\/www.fincasmallorcacharme.com\/blog\/wp-content\/uploads\/2020\/07\/casas-de-son-real.jpg"},{"@type":"WebSite","@id":"https:\/\/www.fincasmallorcacharme.com\/blog\/en\/#website","url":"https:\/\/www.fincasmallorcacharme.com\/blog\/en\/","name":"Blog Mallorca Charme","description":"Fincasmallorcacharme Blog","publisher":{"@id":"https:\/\/www.fincasmallorcacharme.com\/blog\/en\/#organization"},"potentialAction":[{"@type":"SearchAction","target":{"@type":"EntryPoint","urlTemplate":"https:\/\/www.fincasmallorcacharme.com\/blog\/en\/?s={search_term_string}"},"query-input":{"@type":"PropertyValueSpecification","valueRequired":true,"valueName":"search_term_string"}}],"inLanguage":"es"},{"@type":"Organization","@id":"https:\/\/www.fincasmallorcacharme.com\/blog\/en\/#organization","name":"Blog Mallorca Charme","url":"https:\/\/www.fincasmallorcacharme.com\/blog\/en\/","logo":{"@type":"ImageObject","inLanguage":"es","@id":"https:\/\/www.fincasmallorcacharme.com\/blog\/en\/#\/schema\/logo\/image\/","url":"https:\/\/www.fincasmallorcacharme.com\/blog\/wp-content\/uploads\/2020\/02\/cropped-headerrrrr-1.png","contentUrl":"https:\/\/www.fincasmallorcacharme.com\/blog\/wp-content\/uploads\/2020\/02\/cropped-headerrrrr-1.png","width":1250,"height":250,"caption":"Blog Mallorca Charme"},"image":{"@id":"https:\/\/www.fincasmallorcacharme.com\/blog\/en\/#\/schema\/logo\/image\/"}}]}},"amp_enabled":true,"_links":{"self":[{"href":"https:\/\/www.fincasmallorcacharme.com\/blog\/wp-json\/wp\/v2\/pages\/2688","targetHints":{"allow":["GET"]}}],"collection":[{"href":"https:\/\/www.fincasmallorcacharme.com\/blog\/wp-json\/wp\/v2\/pages"}],"about":[{"href":"https:\/\/www.fincasmallorcacharme.com\/blog\/wp-json\/wp\/v2\/types\/page"}],"author":[{"embeddable":true,"href":"https:\/\/www.fincasmallorcacharme.com\/blog\/wp-json\/wp\/v2\/users\/2"}],"replies":[{"embeddable":true,"href":"https:\/\/www.fincasmallorcacharme.com\/blog\/wp-json\/wp\/v2\/comments?post=2688"}],"version-history":[{"count":4,"href":"https:\/\/www.fincasmallorcacharme.com\/blog\/wp-json\/wp\/v2\/pages\/2688\/revisions"}],"predecessor-version":[{"id":2692,"href":"https:\/\/www.fincasmallorcacharme.com\/blog\/wp-json\/wp\/v2\/pages\/2688\/revisions\/2692"}],"wp:attachment":[{"href":"https:\/\/www.fincasmallorcacharme.com\/blog\/wp-json\/wp\/v2\/media?parent=2688"}],"curies":[{"name":"wp","href":"https:\/\/api.w.org\/{rel}","templated":true}]}}