{"id":1298,"date":"2019-11-11T12:11:19","date_gmt":"2019-11-11T12:11:19","guid":{"rendered":"http:\/\/www.fincasmallorcacharme.com\/blog\/tipps-empfehlungen\/"},"modified":"2025-02-25T15:48:15","modified_gmt":"2025-02-25T15:48:15","slug":"tipps-empfehlungen","status":"publish","type":"page","link":"https:\/\/www.fincasmallorcacharme.com\/blog\/","title":{"rendered":"Mallorca Blog &#8211; tipps y recomendaciones"},"content":{"rendered":"\t\t<div data-elementor-type=\"wp-page\" data-elementor-id=\"1298\" class=\"elementor elementor-1298\" data-elementor-post-type=\"page\">\n\t\t\t\t<div class=\"elementor-element elementor-element-f8def20 e-flex e-con-boxed e-con e-parent\" data-id=\"f8def20\" data-element_type=\"container\" data-settings=\"{&quot;background_background&quot;:&quot;video&quot;,&quot;background_video_link&quot;:&quot;https:\\\/\\\/youtu.be\\\/pt9Y5MQlqN0&quot;,&quot;background_play_on_mobile&quot;:&quot;yes&quot;,&quot;background_privacy_mode&quot;:&quot;yes&quot;}\">\n\t\t\t\t\t<div class=\"e-con-inner\">\n\t\t<div class=\"elementor-background-video-container\">\n\t\t\t\t\t\t\t<div class=\"elementor-background-video-embed\"><\/div>\n\t\t\t\t\t\t<\/div>\t\t<div class=\"elementor-element elementor-element-3cd0bf1 elementor-widget elementor-widget-heading\" data-id=\"3cd0bf1\" data-element_type=\"widget\" data-widget_type=\"heading.default\">\n\t\t\t\t<div class=\"elementor-widget-container\">\n\t\t\t<div id=\"toc_container\" class=\"no_bullets\"><p class=\"toc_title\">&Uuml;bersicht<\/p><ul class=\"toc_list\"><li><a href=\"#BLOG\"><span class=\"toc_number toc_depth_1\">1<\/span> BLOG<\/a><\/li><li><a href=\"#sobre_Mallorca\"><span class=\"toc_number toc_depth_1\">2<\/span> sobre Mallorca<\/a><\/li><li><a href=\"#Alquiler_de_villa_en_Mallorca_en_agosto_mejores_consejos\"><span class=\"toc_number toc_depth_1\">3<\/span> \n\t\t\t\t\t\n\t\t\t\t\t\tAlquiler de villa en Mallorca en agosto: mejores consejos\t\t\t\t\t\n\t\t\t\t<\/a><\/li><li><a href=\"#Mejores_lugares_que_visitar_en_Pollensa_en_Mallorca\"><span class=\"toc_number toc_depth_1\">4<\/span> \n\t\t\t\t\t\n\t\t\t\t\t\tMejores lugares que visitar en Pollensa en Mallorca\t\t\t\t\t\n\t\t\t\t<\/a><\/li><li><a href=\"#Que_hacer_en_tu_viaje_a_Can_Picafort_en_Mallorca\"><span class=\"toc_number toc_depth_1\">5<\/span> \n\t\t\t\t\t\n\t\t\t\t\t\tQu\u00e9 hacer en tu viaje a Can Picafort en Mallorca\t\t\t\t\t\n\t\t\t\t<\/a><\/li><li><a href=\"#Mejores_lugares_que_visitar_desde_Alcudia_en_tu_viaje_a_Mallorca\"><span class=\"toc_number toc_depth_1\">6<\/span> \n\t\t\t\t\t\n\t\t\t\t\t\tMejores lugares que visitar desde Alcudia en tu viaje a Mallorca\t\t\t\t\t\n\t\t\t\t<\/a><\/li><li><a href=\"#Las_5_mejores_calas_cerca_de_Playa_de_Muro_para_explorar_en_tu_viaje\"><span class=\"toc_number toc_depth_1\">7<\/span> \n\t\t\t\t\t\n\t\t\t\t\t\tLas 5 mejores calas cerca de Playa de Muro para explorar en tu viaje\t\t\t\t\t\n\t\t\t\t<\/a><\/li><li><a href=\"#Viajar_a_Mallorca_por_primera_vez_que_errores_deberias_evitar\"><span class=\"toc_number toc_depth_1\">8<\/span> \n\t\t\t\t\t\n\t\t\t\t\t\tViajar a Mallorca por primera vez: qu\u00e9 errores deber\u00edas evitar\t\t\t\t\t\n\t\t\t\t<\/a><\/li><li><a href=\"#Las_mejores_villas_para_tus_vacaciones_de_2026_en_Mallorca\"><span class=\"toc_number toc_depth_1\">9<\/span> \n\t\t\t\t\t\n\t\t\t\t\t\tLas mejores villas para tus vacaciones de 2026 en Mallorca\t\t\t\t\t\n\t\t\t\t<\/a><\/li><li><a href=\"#Alojamiento_en_Mallorca_si_eres_un_amante_del_ciclismo\"><span class=\"toc_number toc_depth_1\">10<\/span> \n\t\t\t\t\t\n\t\t\t\t\t\tAlojamiento en Mallorca si eres un amante del ciclismo\t\t\t\t\t\n\t\t\t\t<\/a><ul><li><a href=\"#Alquiler_de_villa_en_Mallorca_en_agosto_mejores_consejos-2\"><span class=\"toc_number toc_depth_2\">10.1<\/span> \n\t\t\t\n\t\t\t\tAlquiler de villa en Mallorca en agosto: mejores consejos\t\t\t\n\t\t<\/a><\/li><li><a href=\"#Mejores_lugares_que_visitar_en_Pollensa_en_Mallorca-2\"><span class=\"toc_number toc_depth_2\">10.2<\/span> \n\t\t\t\n\t\t\t\tMejores lugares que visitar en Pollensa en Mallorca\t\t\t\n\t\t<\/a><\/li><li><a href=\"#Que_hacer_en_tu_viaje_a_Can_Picafort_en_Mallorca-2\"><span class=\"toc_number toc_depth_2\">10.3<\/span> \n\t\t\t\n\t\t\t\tQu\u00e9 hacer en tu viaje a Can Picafort en Mallorca\t\t\t\n\t\t<\/a><\/li><li><a href=\"#Mejores_lugares_que_visitar_desde_Alcudia_en_tu_viaje_a_Mallorca-2\"><span class=\"toc_number toc_depth_2\">10.4<\/span> \n\t\t\t\n\t\t\t\tMejores lugares que visitar desde Alcudia en tu viaje a Mallorca\t\t\t\n\t\t<\/a><\/li><li><a href=\"#Las_5_mejores_calas_cerca_de_Playa_de_Muro_para_explorar_en_tu_viaje-2\"><span class=\"toc_number toc_depth_2\">10.5<\/span> \n\t\t\t\n\t\t\t\tLas 5 mejores calas cerca de Playa de Muro para explorar en tu viaje\t\t\t\n\t\t<\/a><\/li><li><a href=\"#Viajar_a_Mallorca_por_primera_vez_que_errores_deberias_evitar-2\"><span class=\"toc_number toc_depth_2\">10.6<\/span> \n\t\t\t\n\t\t\t\tViajar a Mallorca por primera vez: qu\u00e9 errores deber\u00edas evitar\t\t\t\n\t\t<\/a><ul><li><a href=\"#posts_populares\"><span class=\"toc_number toc_depth_3\">10.6.1<\/span> posts populares<\/a><ul><li><ul><li><a href=\"#Alquiler_de_villa_en_Mallorca_en_agosto_mejores_consejos-3\"><span class=\"toc_number toc_depth_5\">10.6.1.0.1<\/span> \n\t\t\t\n\t\t\t\tAlquiler de villa en Mallorca en agosto: mejores consejos\t\t\t\n\t\t<\/a><\/li><li><a href=\"#Mejores_lugares_que_visitar_en_Pollensa_en_Mallorca-3\"><span class=\"toc_number toc_depth_5\">10.6.1.0.2<\/span> \n\t\t\t\n\t\t\t\tMejores lugares que visitar en Pollensa en Mallorca\t\t\t\n\t\t<\/a><\/li><li><a href=\"#Que_hacer_en_tu_viaje_a_Can_Picafort_en_Mallorca-3\"><span class=\"toc_number toc_depth_5\">10.6.1.0.3<\/span> \n\t\t\t\n\t\t\t\tQu\u00e9 hacer en tu viaje a Can Picafort en Mallorca\t\t\t\n\t\t<\/a><\/li><li><a href=\"#Mejores_lugares_que_visitar_desde_Alcudia_en_tu_viaje_a_Mallorca-3\"><span class=\"toc_number toc_depth_5\">10.6.1.0.4<\/span> \n\t\t\t\n\t\t\t\tMejores lugares que visitar desde Alcudia en tu viaje a Mallorca\t\t\t\n\t\t<\/a><\/li><\/ul><\/li><\/ul><\/li><li><a href=\"#CATEGORIAS\"><span class=\"toc_number toc_depth_3\">10.6.2<\/span> CATEGOR\u00cdAS<\/a><\/li><\/ul><\/li><\/ul><\/li><\/ul><\/div>\n<h2 class=\"elementor-heading-title elementor-size-default\"><span id=\"BLOG\">BLOG<\/span><\/h2>\t\t<\/div>\n\t\t\t\t<\/div>\n\t\t\t\t<div class=\"elementor-element elementor-element-f6fc429 e-transform elementor-widget elementor-widget-heading\" data-id=\"f6fc429\" data-element_type=\"widget\" data-settings=\"{&quot;_transform_rotateZ_effect&quot;:{&quot;unit&quot;:&quot;px&quot;,&quot;size&quot;:-9,&quot;sizes&quot;:[]},&quot;_transform_rotateZ_effect_tablet&quot;:{&quot;unit&quot;:&quot;deg&quot;,&quot;size&quot;:&quot;&quot;,&quot;sizes&quot;:[]},&quot;_transform_rotateZ_effect_mobile&quot;:{&quot;unit&quot;:&quot;deg&quot;,&quot;size&quot;:&quot;&quot;,&quot;sizes&quot;:[]}}\" data-widget_type=\"heading.default\">\n\t\t\t\t<div class=\"elementor-widget-container\">\n\t\t\t<h2 class=\"elementor-heading-title elementor-size-default\"><span id=\"sobre_Mallorca\">sobre Mallorca<\/span><\/h2>\t\t<\/div>\n\t\t\t\t<\/div>\n\t\t\t\t\t<\/div>\n\t\t\t\t<\/div>\n\t\t<div class=\"elementor-element elementor-element-84d576a e-flex e-con-boxed e-con e-parent\" data-id=\"84d576a\" data-element_type=\"container\">\n\t\t\t\t\t<div class=\"e-con-inner\">\n\t\t\t\t<div class=\"elementor-element elementor-element-3316632 elementor-widget elementor-widget-text-editor\" data-id=\"3316632\" data-element_type=\"widget\" data-widget_type=\"text-editor.default\">\n\t\t\t\t<div class=\"elementor-widget-container\">\n\t\t\t\t\t\t\t<p class=\"p1\"><span class=\"s1\">Si has escogido una de nuestras <a href=\"https:\/\/www.fincasmallorcacharme.com\/\"><span class=\"s2\">villas en Mallorca para tus vacaciones<\/span><\/a> prep\u00e1rate para vivir tu experiencia m\u00e1s completa. Naturaleza, deporte, playas, cultura, tradici\u00f3n, gastronom\u00eda, compras, artes esc\u00e9nicas, pueblos con encanto, rincones escondidos para gozar en pareja, la oferta de ocio m\u00e1s entretenida para familias\u2026 y todo en un ambiente de gran belleza que hay que admirar en primera persona. Mallorca tiene mucho que ofrecer.<\/span><\/p><p class=\"p2\"><span class=\"s1\"><b>Que encontrar\u00e1s en nuestro blog de Mallorca<\/b><\/span><\/p><p class=\"p1\"><span class=\"s1\">En nuestro blog encontrar\u00e1s informaci\u00f3n sobre los pueblos m\u00e1s interesantes de Mallorca as\u00ed como los mercados, rutas de senderismo y atracciones tur\u00edsticas.<\/span><\/p>\t\t\t\t\t\t<\/div>\n\t\t\t\t<\/div>\n\t\t\t\t\t<\/div>\n\t\t\t\t<\/div>\n\t\t<div class=\"elementor-element elementor-element-b4f9314 e-flex e-con-boxed e-con e-parent\" data-id=\"b4f9314\" data-element_type=\"container\">\n\t\t\t\t\t<div class=\"e-con-inner\">\n\t\t<div class=\"elementor-element elementor-element-3388614 e-con-full e-flex e-con e-child\" data-id=\"3388614\" data-element_type=\"container\">\n\t\t\t\t<div class=\"elementor-element elementor-element-39ca337 elementor-hidden-desktop elementor-hidden-tablet elementor-hidden-mobile elementor-widget elementor-widget-elementskit-blog-posts\" data-id=\"39ca337\" data-element_type=\"widget\" data-widget_type=\"elementskit-blog-posts.default\">\n\t\t\t\t<div class=\"elementor-widget-container\">\n\t\t\t<div class=\"ekit-wid-con\" >        <div id=\"post-items--39ca337\" class=\"row post-items\" data-masonry-config=\"true\">\n                    <div class=\"col-lg-6 col-md-6\">\n\n                                    <div class=\"elementskit-post-image-card\">\n                        <div class=\"elementskit-entry-header\">\n                                                            <a href=\"https:\/\/www.fincasmallorcacharme.com\/blog\/alquiler-villa-mallorca-agosto\/\" class=\"elementskit-entry-thumb\">\n                                    <img decoding=\"async\" src=\"https:\/\/www.fincasmallorcacharme.com\/blog\/wp-content\/uploads\/2026\/04\/mallorca-holidays-summer-villa.webp\" alt=\"Alquiler de villa en Mallorca en agosto: mejores consejos\">\n                                <\/a><!-- .elementskit-entry-thumb END -->\n                                                            \n                                                            <div class=\"elementskit-meta-categories\">\n                                    <span class=\"elementskit-meta-wraper\">\n                                        <span><a href=\"https:\/\/www.fincasmallorcacharme.com\/blog\/category\/mallorca\/\" rel=\"category tag\">Mallorca<\/a><\/span>\n                                    <\/span>\n                                <\/div>\n                            \n\t\t\t\t\t\t\t\t\t\t\t\t\t<\/div><!-- .elementskit-entry-header END -->\n\n\t\t\t\t\t\t<div class=\"elementskit-post-body \">\n\t\t\t\t\t\t\t\t\t\t\t\t\t\t\t\t\t\t\t\t<h2 class=\"entry-title\"><span id=\"Alquiler_de_villa_en_Mallorca_en_agosto_mejores_consejos\">\n\t\t\t\t\t<a href=\"https:\/\/www.fincasmallorcacharme.com\/blog\/alquiler-villa-mallorca-agosto\/\">\n\t\t\t\t\t\tAlquiler de villa en Mallorca en agosto: mejores consejos\t\t\t\t\t<\/a>\n\t\t\t\t<\/span><\/h2>\n\t\t\t\t\t\t\t\t\t\t\t\n\t\t\t\t\t\t\t\t\t\t\t\t\t\t\t\t\t\t\t\t\t\t\t\t\t\t\t\t<div class=\"post-meta-list\">\n\t\t\t\t\t\t\t\t\t\t\t\t\t<\/div>\n\t\t\t\t\t\t\t\t\t\t\t\t\t\n\t\t\t\t\t\t\t\t\n\t\t\t\t\t\t\t\t\t\t\t\t\t\t\t\t\t\t\t\t\t\t\t\t\t\t\t\t\t\t\t\t\t\t\t\t\t\t\t<p>Agosto en Mallorca es otra cosa.&nbsp; El Mediterr\u00e1neo est\u00e1 en su mejor momento y&hellip;<\/p>\n\t\t\t\t\t\t\t\t\t\t\t\t\t\t\t\t\t\t\t\t\t\t                                                            <div class=\"btn-wraper\">\n                                                                            <a class=\"elementskit-btn whitespace--normal\" id=\"\" href=\"https:\/\/www.fincasmallorcacharme.com\/blog\/alquiler-villa-mallorca-agosto\/\">\n                                            Leer m\u00e1s                                                                                    <\/a>\n                                    \n                                                                    <\/div>\n                                                    <\/div><!-- .elementskit-post-body END -->\n                    <\/div>\n                \n            <\/div>\n                    <div class=\"col-lg-6 col-md-6\">\n\n                                    <div class=\"elementskit-post-image-card\">\n                        <div class=\"elementskit-entry-header\">\n                                                            <a href=\"https:\/\/www.fincasmallorcacharme.com\/blog\/que-ver-pollensa-mallorca\/\" class=\"elementskit-entry-thumb\">\n                                    <img decoding=\"async\" src=\"https:\/\/www.fincasmallorcacharme.com\/blog\/wp-content\/uploads\/2026\/03\/panoramica-cala-san-vicenc.webp\" alt=\"Mejores lugares que visitar en Pollensa en Mallorca\">\n                                <\/a><!-- .elementskit-entry-thumb END -->\n                                                            \n                                                            <div class=\"elementskit-meta-categories\">\n                                    <span class=\"elementskit-meta-wraper\">\n                                        <span><a href=\"https:\/\/www.fincasmallorcacharme.com\/blog\/category\/pueblos-de-mallorca\/\" rel=\"category tag\">Pueblos de Mallorca<\/a><\/span>\n                                    <\/span>\n                                <\/div>\n                            \n\t\t\t\t\t\t\t\t\t\t\t\t\t<\/div><!-- .elementskit-entry-header END -->\n\n\t\t\t\t\t\t<div class=\"elementskit-post-body \">\n\t\t\t\t\t\t\t\t\t\t\t\t\t\t\t\t\t\t\t\t<h2 class=\"entry-title\"><span id=\"Mejores_lugares_que_visitar_en_Pollensa_en_Mallorca\">\n\t\t\t\t\t<a href=\"https:\/\/www.fincasmallorcacharme.com\/blog\/que-ver-pollensa-mallorca\/\">\n\t\t\t\t\t\tMejores lugares que visitar en Pollensa en Mallorca\t\t\t\t\t<\/a>\n\t\t\t\t<\/span><\/h2>\n\t\t\t\t\t\t\t\t\t\t\t\n\t\t\t\t\t\t\t\t\t\t\t\t\t\t\t\t\t\t\t\t\t\t\t\t\t\t\t\t<div class=\"post-meta-list\">\n\t\t\t\t\t\t\t\t\t\t\t\t\t<\/div>\n\t\t\t\t\t\t\t\t\t\t\t\t\t\n\t\t\t\t\t\t\t\t\n\t\t\t\t\t\t\t\t\t\t\t\t\t\t\t\t\t\t\t\t\t\t\t\t\t\t\t\t\t\t\t\t\t\t\t\t\t\t\t<p>Pollensa tiene algo que engancha desde el primer paseo.&nbsp; Pueblo antiguo, casas de piedra,&hellip;<\/p>\n\t\t\t\t\t\t\t\t\t\t\t\t\t\t\t\t\t\t\t\t\t\t                                                            <div class=\"btn-wraper\">\n                                                                            <a class=\"elementskit-btn whitespace--normal\" id=\"\" href=\"https:\/\/www.fincasmallorcacharme.com\/blog\/que-ver-pollensa-mallorca\/\">\n                                            Leer m\u00e1s                                                                                    <\/a>\n                                    \n                                                                    <\/div>\n                                                    <\/div><!-- .elementskit-post-body END -->\n                    <\/div>\n                \n            <\/div>\n                    <div class=\"col-lg-6 col-md-6\">\n\n                                    <div class=\"elementskit-post-image-card\">\n                        <div class=\"elementskit-entry-header\">\n                                                            <a href=\"https:\/\/www.fincasmallorcacharme.com\/blog\/que-hacer-can-picafort-mallorca\/\" class=\"elementskit-entry-thumb\">\n                                    <img decoding=\"async\" src=\"https:\/\/www.fincasmallorcacharme.com\/blog\/wp-content\/uploads\/2026\/02\/viaje-can-picafort-mallorca01.webp\" alt=\"Qu\u00e9 hacer en tu viaje a Can Picafort en Mallorca\">\n                                <\/a><!-- .elementskit-entry-thumb END -->\n                                                            \n                                                            <div class=\"elementskit-meta-categories\">\n                                    <span class=\"elementskit-meta-wraper\">\n                                        <span><a href=\"https:\/\/www.fincasmallorcacharme.com\/blog\/category\/sin-categorizar\/\" rel=\"category tag\">Sin categorizar<\/a><\/span>\n                                    <\/span>\n                                <\/div>\n                            \n\t\t\t\t\t\t\t\t\t\t\t\t\t<\/div><!-- .elementskit-entry-header END -->\n\n\t\t\t\t\t\t<div class=\"elementskit-post-body \">\n\t\t\t\t\t\t\t\t\t\t\t\t\t\t\t\t\t\t\t\t<h2 class=\"entry-title\"><span id=\"Que_hacer_en_tu_viaje_a_Can_Picafort_en_Mallorca\">\n\t\t\t\t\t<a href=\"https:\/\/www.fincasmallorcacharme.com\/blog\/que-hacer-can-picafort-mallorca\/\">\n\t\t\t\t\t\tQu\u00e9 hacer en tu viaje a Can Picafort en Mallorca\t\t\t\t\t<\/a>\n\t\t\t\t<\/span><\/h2>\n\t\t\t\t\t\t\t\t\t\t\t\n\t\t\t\t\t\t\t\t\t\t\t\t\t\t\t\t\t\t\t\t\t\t\t\t\t\t\t\t<div class=\"post-meta-list\">\n\t\t\t\t\t\t\t\t\t\t\t\t\t<\/div>\n\t\t\t\t\t\t\t\t\t\t\t\t\t\n\t\t\t\t\t\t\t\t\n\t\t\t\t\t\t\t\t\t\t\t\t\t\t\t\t\t\t\t\t\t\t\t\t\t\t\t\t\t\t\t\t\t\t\t\t\t\t\t<p>\u00bfHas o\u00eddo hablar de Can Picafort? Can Picafort es una zona costa norte pensada&hellip;<\/p>\n\t\t\t\t\t\t\t\t\t\t\t\t\t\t\t\t\t\t\t\t\t\t                                                            <div class=\"btn-wraper\">\n                                                                            <a class=\"elementskit-btn whitespace--normal\" id=\"\" href=\"https:\/\/www.fincasmallorcacharme.com\/blog\/que-hacer-can-picafort-mallorca\/\">\n                                            Leer m\u00e1s                                                                                    <\/a>\n                                    \n                                                                    <\/div>\n                                                    <\/div><!-- .elementskit-post-body END -->\n                    <\/div>\n                \n            <\/div>\n                    <div class=\"col-lg-6 col-md-6\">\n\n                                    <div class=\"elementskit-post-image-card\">\n                        <div class=\"elementskit-entry-header\">\n                                                            <a href=\"https:\/\/www.fincasmallorcacharme.com\/blog\/lugares-que-visitar-desde-alcudia-mallorca\/\" class=\"elementskit-entry-thumb\">\n                                    <img decoding=\"async\" src=\"https:\/\/www.fincasmallorcacharme.com\/blog\/wp-content\/uploads\/2026\/01\/alcudia-viaje-mallorca-01.webp\" alt=\"Mejores lugares que visitar desde Alcudia en tu viaje a Mallorca\">\n                                <\/a><!-- .elementskit-entry-thumb END -->\n                                                            \n                                                            <div class=\"elementskit-meta-categories\">\n                                    <span class=\"elementskit-meta-wraper\">\n                                        <span><a href=\"https:\/\/www.fincasmallorcacharme.com\/blog\/category\/mallorca\/\" rel=\"category tag\">Mallorca<\/a><\/span>\n                                    <\/span>\n                                <\/div>\n                            \n\t\t\t\t\t\t\t\t\t\t\t\t\t<\/div><!-- .elementskit-entry-header END -->\n\n\t\t\t\t\t\t<div class=\"elementskit-post-body \">\n\t\t\t\t\t\t\t\t\t\t\t\t\t\t\t\t\t\t\t\t<h2 class=\"entry-title\"><span id=\"Mejores_lugares_que_visitar_desde_Alcudia_en_tu_viaje_a_Mallorca\">\n\t\t\t\t\t<a href=\"https:\/\/www.fincasmallorcacharme.com\/blog\/lugares-que-visitar-desde-alcudia-mallorca\/\">\n\t\t\t\t\t\tMejores lugares que visitar desde Alcudia en tu viaje a Mallorca\t\t\t\t\t<\/a>\n\t\t\t\t<\/span><\/h2>\n\t\t\t\t\t\t\t\t\t\t\t\n\t\t\t\t\t\t\t\t\t\t\t\t\t\t\t\t\t\t\t\t\t\t\t\t\t\t\t\t<div class=\"post-meta-list\">\n\t\t\t\t\t\t\t\t\t\t\t\t\t<\/div>\n\t\t\t\t\t\t\t\t\t\t\t\t\t\n\t\t\t\t\t\t\t\t\n\t\t\t\t\t\t\t\t\t\t\t\t\t\t\t\t\t\t\t\t\t\t\t\t\t\t\t\t\t\t\t\t\t\t\t\t\t\t\t<p>Alcudia es ese punto del norte de Mallorca que te lo pone f\u00e1cil para&hellip;<\/p>\n\t\t\t\t\t\t\t\t\t\t\t\t\t\t\t\t\t\t\t\t\t\t                                                            <div class=\"btn-wraper\">\n                                                                            <a class=\"elementskit-btn whitespace--normal\" id=\"\" href=\"https:\/\/www.fincasmallorcacharme.com\/blog\/lugares-que-visitar-desde-alcudia-mallorca\/\">\n                                            Leer m\u00e1s                                                                                    <\/a>\n                                    \n                                                                    <\/div>\n                                                    <\/div><!-- .elementskit-post-body END -->\n                    <\/div>\n                \n            <\/div>\n                    <div class=\"col-lg-6 col-md-6\">\n\n                                    <div class=\"elementskit-post-image-card\">\n                        <div class=\"elementskit-entry-header\">\n                                                            <a href=\"https:\/\/www.fincasmallorcacharme.com\/blog\/calas-cerca-playa-de-muro\/\" class=\"elementskit-entry-thumb\">\n                                    <img decoding=\"async\" src=\"https:\/\/www.fincasmallorcacharme.com\/blog\/wp-content\/uploads\/2025\/12\/cala-mitjana.webp\" alt=\"Las 5 mejores calas cerca de Playa de Muro para explorar en tu viaje\">\n                                <\/a><!-- .elementskit-entry-thumb END -->\n                                                            \n                                                            <div class=\"elementskit-meta-categories\">\n                                    <span class=\"elementskit-meta-wraper\">\n                                        <span><a href=\"https:\/\/www.fincasmallorcacharme.com\/blog\/category\/playas-mallorca\/\" rel=\"category tag\">Playas de Mallorca<\/a><\/span>\n                                    <\/span>\n                                <\/div>\n                            \n\t\t\t\t\t\t\t\t\t\t\t\t\t<\/div><!-- .elementskit-entry-header END -->\n\n\t\t\t\t\t\t<div class=\"elementskit-post-body \">\n\t\t\t\t\t\t\t\t\t\t\t\t\t\t\t\t\t\t\t\t<h2 class=\"entry-title\"><span id=\"Las_5_mejores_calas_cerca_de_Playa_de_Muro_para_explorar_en_tu_viaje\">\n\t\t\t\t\t<a href=\"https:\/\/www.fincasmallorcacharme.com\/blog\/calas-cerca-playa-de-muro\/\">\n\t\t\t\t\t\tLas 5 mejores calas cerca de Playa de Muro para explorar en tu viaje\t\t\t\t\t<\/a>\n\t\t\t\t<\/span><\/h2>\n\t\t\t\t\t\t\t\t\t\t\t\n\t\t\t\t\t\t\t\t\t\t\t\t\t\t\t\t\t\t\t\t\t\t\t\t\t\t\t\t<div class=\"post-meta-list\">\n\t\t\t\t\t\t\t\t\t\t\t\t\t<\/div>\n\t\t\t\t\t\t\t\t\t\t\t\t\t\n\t\t\t\t\t\t\t\t\n\t\t\t\t\t\t\t\t\t\t\t\t\t\t\t\t\t\t\t\t\t\t\t\t\t\t\t\t\t\t\t\t\t\t\t\t\t\t\t<p>Si te alojas por Playa de Muro y te apetece cambiar el chip y&hellip;<\/p>\n\t\t\t\t\t\t\t\t\t\t\t\t\t\t\t\t\t\t\t\t\t\t                                                            <div class=\"btn-wraper\">\n                                                                            <a class=\"elementskit-btn whitespace--normal\" id=\"\" href=\"https:\/\/www.fincasmallorcacharme.com\/blog\/calas-cerca-playa-de-muro\/\">\n                                            Leer m\u00e1s                                                                                    <\/a>\n                                    \n                                                                    <\/div>\n                                                    <\/div><!-- .elementskit-post-body END -->\n                    <\/div>\n                \n            <\/div>\n                    <div class=\"col-lg-6 col-md-6\">\n\n                                    <div class=\"elementskit-post-image-card\">\n                        <div class=\"elementskit-entry-header\">\n                                                            <a href=\"https:\/\/www.fincasmallorcacharme.com\/blog\/viajar-a-mallorca-primera-vez-errores-a-evitar\/\" class=\"elementskit-entry-thumb\">\n                                    <img decoding=\"async\" src=\"https:\/\/www.fincasmallorcacharme.com\/blog\/wp-content\/uploads\/2025\/11\/mallorca_iluminada.webp\" alt=\"Viajar a Mallorca por primera vez: qu\u00e9 errores deber\u00edas evitar\">\n                                <\/a><!-- .elementskit-entry-thumb END -->\n                                                            \n                                                            <div class=\"elementskit-meta-categories\">\n                                    <span class=\"elementskit-meta-wraper\">\n                                        <span><a href=\"https:\/\/www.fincasmallorcacharme.com\/blog\/category\/mallorca\/\" rel=\"category tag\">Mallorca<\/a><\/span>\n                                    <\/span>\n                                <\/div>\n                            \n\t\t\t\t\t\t\t\t\t\t\t\t\t<\/div><!-- .elementskit-entry-header END -->\n\n\t\t\t\t\t\t<div class=\"elementskit-post-body \">\n\t\t\t\t\t\t\t\t\t\t\t\t\t\t\t\t\t\t\t\t<h2 class=\"entry-title\"><span id=\"Viajar_a_Mallorca_por_primera_vez_que_errores_deberias_evitar\">\n\t\t\t\t\t<a href=\"https:\/\/www.fincasmallorcacharme.com\/blog\/viajar-a-mallorca-primera-vez-errores-a-evitar\/\">\n\t\t\t\t\t\tViajar a Mallorca por primera vez: qu\u00e9 errores deber\u00edas evitar\t\t\t\t\t<\/a>\n\t\t\t\t<\/span><\/h2>\n\t\t\t\t\t\t\t\t\t\t\t\n\t\t\t\t\t\t\t\t\t\t\t\t\t\t\t\t\t\t\t\t\t\t\t\t\t\t\t\t<div class=\"post-meta-list\">\n\t\t\t\t\t\t\t\t\t\t\t\t\t<\/div>\n\t\t\t\t\t\t\t\t\t\t\t\t\t\n\t\t\t\t\t\t\t\t\n\t\t\t\t\t\t\t\t\t\t\t\t\t\t\t\t\t\t\t\t\t\t\t\t\t\t\t\t\t\t\t\t\t\t\t\t\t\t\t<p>Seguro que t\u00fa tambi\u00e9n has visto esas fotos incre\u00edbles que la gente ense\u00f1a sobre&hellip;<\/p>\n\t\t\t\t\t\t\t\t\t\t\t\t\t\t\t\t\t\t\t\t\t\t                                                            <div class=\"btn-wraper\">\n                                                                            <a class=\"elementskit-btn whitespace--normal\" id=\"\" href=\"https:\/\/www.fincasmallorcacharme.com\/blog\/viajar-a-mallorca-primera-vez-errores-a-evitar\/\">\n                                            Leer m\u00e1s                                                                                    <\/a>\n                                    \n                                                                    <\/div>\n                                                    <\/div><!-- .elementskit-post-body END -->\n                    <\/div>\n                \n            <\/div>\n                    <div class=\"col-lg-6 col-md-6\">\n\n                                    <div class=\"elementskit-post-image-card\">\n                        <div class=\"elementskit-entry-header\">\n                                                            <a href=\"https:\/\/www.fincasmallorcacharme.com\/blog\/mejores-villas-mallorca-2026\/\" class=\"elementskit-entry-thumb\">\n                                    <img decoding=\"async\" src=\"https:\/\/www.fincasmallorcacharme.com\/blog\/wp-content\/uploads\/2025\/10\/Villa-Son-Ferragut.webp\" alt=\"Las mejores villas para tus vacaciones de 2026 en Mallorca\">\n                                <\/a><!-- .elementskit-entry-thumb END -->\n                                                            \n                                                            <div class=\"elementskit-meta-categories\">\n                                    <span class=\"elementskit-meta-wraper\">\n                                        <span><a href=\"https:\/\/www.fincasmallorcacharme.com\/blog\/category\/mallorca\/\" rel=\"category tag\">Mallorca<\/a><\/span>\n                                    <\/span>\n                                <\/div>\n                            \n\t\t\t\t\t\t\t\t\t\t\t\t\t<\/div><!-- .elementskit-entry-header END -->\n\n\t\t\t\t\t\t<div class=\"elementskit-post-body \">\n\t\t\t\t\t\t\t\t\t\t\t\t\t\t\t\t\t\t\t\t<h2 class=\"entry-title\"><span id=\"Las_mejores_villas_para_tus_vacaciones_de_2026_en_Mallorca\">\n\t\t\t\t\t<a href=\"https:\/\/www.fincasmallorcacharme.com\/blog\/mejores-villas-mallorca-2026\/\">\n\t\t\t\t\t\tLas mejores villas para tus vacaciones de 2026 en Mallorca\t\t\t\t\t<\/a>\n\t\t\t\t<\/span><\/h2>\n\t\t\t\t\t\t\t\t\t\t\t\n\t\t\t\t\t\t\t\t\t\t\t\t\t\t\t\t\t\t\t\t\t\t\t\t\t\t\t\t<div class=\"post-meta-list\">\n\t\t\t\t\t\t\t\t\t\t\t\t\t<\/div>\n\t\t\t\t\t\t\t\t\t\t\t\t\t\n\t\t\t\t\t\t\t\t\n\t\t\t\t\t\t\t\t\t\t\t\t\t\t\t\t\t\t\t\t\t\t\t\t\t\t\t\t\t\t\t\t\t\t\t\t\t\t\t<p>Mallorca es una forma de vivir el verano.&nbsp; Una isla donde solo unos pocos&hellip;<\/p>\n\t\t\t\t\t\t\t\t\t\t\t\t\t\t\t\t\t\t\t\t\t\t                                                            <div class=\"btn-wraper\">\n                                                                            <a class=\"elementskit-btn whitespace--normal\" id=\"\" href=\"https:\/\/www.fincasmallorcacharme.com\/blog\/mejores-villas-mallorca-2026\/\">\n                                            Leer m\u00e1s                                                                                    <\/a>\n                                    \n                                                                    <\/div>\n                                                    <\/div><!-- .elementskit-post-body END -->\n                    <\/div>\n                \n            <\/div>\n                    <div class=\"col-lg-6 col-md-6\">\n\n                                    <div class=\"elementskit-post-image-card\">\n                        <div class=\"elementskit-entry-header\">\n                                                            <a href=\"https:\/\/www.fincasmallorcacharme.com\/blog\/alojamiento-mallorca-ciclistas\/\" class=\"elementskit-entry-thumb\">\n                                    <img decoding=\"async\" src=\"https:\/\/www.fincasmallorcacharme.com\/blog\/wp-content\/uploads\/2025\/09\/ciclismo-mallorca-03.jpg\" alt=\"Alojamiento en Mallorca si eres un amante del ciclismo\">\n                                <\/a><!-- .elementskit-entry-thumb END -->\n                                                            \n                                                            <div class=\"elementskit-meta-categories\">\n                                    <span class=\"elementskit-meta-wraper\">\n                                        <span><a href=\"https:\/\/www.fincasmallorcacharme.com\/blog\/category\/mallorca\/\" rel=\"category tag\">Mallorca<\/a><\/span>\n                                    <\/span>\n                                <\/div>\n                            \n\t\t\t\t\t\t\t\t\t\t\t\t\t<\/div><!-- .elementskit-entry-header END -->\n\n\t\t\t\t\t\t<div class=\"elementskit-post-body \">\n\t\t\t\t\t\t\t\t\t\t\t\t\t\t\t\t\t\t\t\t<h2 class=\"entry-title\"><span id=\"Alojamiento_en_Mallorca_si_eres_un_amante_del_ciclismo\">\n\t\t\t\t\t<a href=\"https:\/\/www.fincasmallorcacharme.com\/blog\/alojamiento-mallorca-ciclistas\/\">\n\t\t\t\t\t\tAlojamiento en Mallorca si eres un amante del ciclismo\t\t\t\t\t<\/a>\n\t\t\t\t<\/span><\/h2>\n\t\t\t\t\t\t\t\t\t\t\t\n\t\t\t\t\t\t\t\t\t\t\t\t\t\t\t\t\t\t\t\t\t\t\t\t\t\t\t\t<div class=\"post-meta-list\">\n\t\t\t\t\t\t\t\t\t\t\t\t\t<\/div>\n\t\t\t\t\t\t\t\t\t\t\t\t\t\n\t\t\t\t\t\t\t\t\n\t\t\t\t\t\t\t\t\t\t\t\t\t\t\t\t\t\t\t\t\t\t\t\t\t\t\t\t\t\t\t\t\t\t\t\t\t\t\t<p>Mallorca es un para\u00edso para los ciclistas de todo el mundo. &nbsp; \u00bfPor qu\u00e9?&hellip;<\/p>\n\t\t\t\t\t\t\t\t\t\t\t\t\t\t\t\t\t\t\t\t\t\t                                                            <div class=\"btn-wraper\">\n                                                                            <a class=\"elementskit-btn whitespace--normal\" id=\"\" href=\"https:\/\/www.fincasmallorcacharme.com\/blog\/alojamiento-mallorca-ciclistas\/\">\n                                            Leer m\u00e1s                                                                                    <\/a>\n                                    \n                                                                    <\/div>\n                                                    <\/div><!-- .elementskit-post-body END -->\n                    <\/div>\n                \n            <\/div>\n                <\/div>\n       <\/div>\t\t<\/div>\n\t\t\t\t<\/div>\n\t\t\t\t<div class=\"elementor-element elementor-element-539357c elementor-grid-2 elementor-grid-tablet-2 elementor-grid-mobile-1 elementor-posts--thumbnail-top elementor-posts--show-avatar elementor-card-shadow-yes elementor-posts__hover-gradient elementor-widget elementor-widget-posts\" data-id=\"539357c\" data-element_type=\"widget\" data-settings=\"{&quot;cards_columns&quot;:&quot;2&quot;,&quot;pagination_type&quot;:&quot;prev_next&quot;,&quot;cards_columns_tablet&quot;:&quot;2&quot;,&quot;cards_columns_mobile&quot;:&quot;1&quot;,&quot;cards_row_gap&quot;:{&quot;unit&quot;:&quot;px&quot;,&quot;size&quot;:35,&quot;sizes&quot;:[]},&quot;cards_row_gap_tablet&quot;:{&quot;unit&quot;:&quot;px&quot;,&quot;size&quot;:&quot;&quot;,&quot;sizes&quot;:[]},&quot;cards_row_gap_mobile&quot;:{&quot;unit&quot;:&quot;px&quot;,&quot;size&quot;:&quot;&quot;,&quot;sizes&quot;:[]}}\" data-widget_type=\"posts.cards\">\n\t\t\t\t<div class=\"elementor-widget-container\">\n\t\t\t\t\t<div class=\"elementor-posts-container elementor-posts elementor-posts--skin-cards elementor-grid\">\n\t\t\t\t<article class=\"elementor-post elementor-grid-item post-4546 post type-post status-publish format-standard has-post-thumbnail hentry category-mallorca\">\n\t\t\t<div class=\"elementor-post__card\">\n\t\t\t\t<a class=\"elementor-post__thumbnail__link\" href=\"https:\/\/www.fincasmallorcacharme.com\/blog\/alquiler-villa-mallorca-agosto\/\" tabindex=\"-1\" ><div class=\"elementor-post__thumbnail\"><img decoding=\"async\" width=\"300\" height=\"157\" src=\"https:\/\/www.fincasmallorcacharme.com\/blog\/wp-content\/uploads\/2026\/04\/mallorca-holidays-summer-villa-300x157.webp\" class=\"attachment-medium size-medium wp-image-4547\" alt=\"\" srcset=\"https:\/\/www.fincasmallorcacharme.com\/blog\/wp-content\/uploads\/2026\/04\/mallorca-holidays-summer-villa-300x157.webp 300w, https:\/\/www.fincasmallorcacharme.com\/blog\/wp-content\/uploads\/2026\/04\/mallorca-holidays-summer-villa-1024x535.webp 1024w, https:\/\/www.fincasmallorcacharme.com\/blog\/wp-content\/uploads\/2026\/04\/mallorca-holidays-summer-villa-768x401.webp 768w, https:\/\/www.fincasmallorcacharme.com\/blog\/wp-content\/uploads\/2026\/04\/mallorca-holidays-summer-villa.webp 1400w\" sizes=\"(max-width: 300px) 100vw, 300px\" \/><\/div><\/a>\n\t\t\t\t<div class=\"elementor-post__badge\">Mallorca<\/div>\n\t\t\t\t<div class=\"elementor-post__avatar\">\n\t\t\t\t\t<\/div>\n\t\t\t\t<div class=\"elementor-post__text\">\n\t\t\t\t<h3 class=\"elementor-post__title\"><span id=\"Alquiler_de_villa_en_Mallorca_en_agosto_mejores_consejos-2\">\n\t\t\t<a href=\"https:\/\/www.fincasmallorcacharme.com\/blog\/alquiler-villa-mallorca-agosto\/\" >\n\t\t\t\tAlquiler de villa en Mallorca en agosto: mejores consejos\t\t\t<\/a>\n\t\t<\/span><\/h3>\n\t\t\t\t<div class=\"elementor-post__excerpt\">\n\t\t\t<p>Agosto en Mallorca es otra cosa.&nbsp; El Mediterr\u00e1neo est\u00e1 en su mejor momento y la isla te da todo lo que puedes imaginar. Tambi\u00e9n es<\/p>\n\t\t<\/div>\n\t\t\n\t\t<a class=\"elementor-post__read-more\" href=\"https:\/\/www.fincasmallorcacharme.com\/blog\/alquiler-villa-mallorca-agosto\/\" aria-label=\"M\u00e1s informaci\u00f3n sobre Alquiler de villa en Mallorca en agosto: mejores consejos\" tabindex=\"-1\" >\n\t\t\tLeer m\u00e1s \u00bb\t\t<\/a>\n\n\t\t\t\t<\/div>\n\t\t\t\t<div class=\"elementor-post__meta-data\">\n\t\t\t\t\t<span class=\"elementor-post-date\">\n\t\t\t18 abril, 2026\t\t<\/span>\n\t\t\t\t<\/div>\n\t\t\t\t\t<\/div>\n\t\t<\/article>\n\t\t\t\t<article class=\"elementor-post elementor-grid-item post-4520 post type-post status-publish format-standard has-post-thumbnail hentry category-pueblos-de-mallorca\">\n\t\t\t<div class=\"elementor-post__card\">\n\t\t\t\t<a class=\"elementor-post__thumbnail__link\" href=\"https:\/\/www.fincasmallorcacharme.com\/blog\/que-ver-pollensa-mallorca\/\" tabindex=\"-1\" ><div class=\"elementor-post__thumbnail\"><img decoding=\"async\" width=\"300\" height=\"146\" src=\"https:\/\/www.fincasmallorcacharme.com\/blog\/wp-content\/uploads\/2026\/03\/panoramica-cala-san-vicenc-300x146.webp\" class=\"attachment-medium size-medium wp-image-4535\" alt=\"\" srcset=\"https:\/\/www.fincasmallorcacharme.com\/blog\/wp-content\/uploads\/2026\/03\/panoramica-cala-san-vicenc-300x146.webp 300w, https:\/\/www.fincasmallorcacharme.com\/blog\/wp-content\/uploads\/2026\/03\/panoramica-cala-san-vicenc-1024x497.webp 1024w, https:\/\/www.fincasmallorcacharme.com\/blog\/wp-content\/uploads\/2026\/03\/panoramica-cala-san-vicenc-768x373.webp 768w, https:\/\/www.fincasmallorcacharme.com\/blog\/wp-content\/uploads\/2026\/03\/panoramica-cala-san-vicenc.webp 1300w\" sizes=\"(max-width: 300px) 100vw, 300px\" \/><\/div><\/a>\n\t\t\t\t<div class=\"elementor-post__badge\">Pueblos de Mallorca<\/div>\n\t\t\t\t<div class=\"elementor-post__avatar\">\n\t\t\t\t\t<\/div>\n\t\t\t\t<div class=\"elementor-post__text\">\n\t\t\t\t<h3 class=\"elementor-post__title\"><span id=\"Mejores_lugares_que_visitar_en_Pollensa_en_Mallorca-2\">\n\t\t\t<a href=\"https:\/\/www.fincasmallorcacharme.com\/blog\/que-ver-pollensa-mallorca\/\" >\n\t\t\t\tMejores lugares que visitar en Pollensa en Mallorca\t\t\t<\/a>\n\t\t<\/span><\/h3>\n\t\t\t\t<div class=\"elementor-post__excerpt\">\n\t\t\t<p>Pollensa tiene algo que engancha desde el primer paseo.&nbsp; Pueblo antiguo, casas de piedra, una plaza con mucha historia y monta\u00f1as que aparecen al fondo<\/p>\n\t\t<\/div>\n\t\t\n\t\t<a class=\"elementor-post__read-more\" href=\"https:\/\/www.fincasmallorcacharme.com\/blog\/que-ver-pollensa-mallorca\/\" aria-label=\"M\u00e1s informaci\u00f3n sobre Mejores lugares que visitar en Pollensa en Mallorca\" tabindex=\"-1\" >\n\t\t\tLeer m\u00e1s \u00bb\t\t<\/a>\n\n\t\t\t\t<\/div>\n\t\t\t\t<div class=\"elementor-post__meta-data\">\n\t\t\t\t\t<span class=\"elementor-post-date\">\n\t\t\t19 marzo, 2026\t\t<\/span>\n\t\t\t\t<\/div>\n\t\t\t\t\t<\/div>\n\t\t<\/article>\n\t\t\t\t<article class=\"elementor-post elementor-grid-item post-4502 post type-post status-publish format-standard has-post-thumbnail hentry category-sin-categorizar\">\n\t\t\t<div class=\"elementor-post__card\">\n\t\t\t\t<a class=\"elementor-post__thumbnail__link\" href=\"https:\/\/www.fincasmallorcacharme.com\/blog\/que-hacer-can-picafort-mallorca\/\" tabindex=\"-1\" ><div class=\"elementor-post__thumbnail\"><img decoding=\"async\" width=\"300\" height=\"164\" src=\"https:\/\/www.fincasmallorcacharme.com\/blog\/wp-content\/uploads\/2026\/02\/viaje-can-picafort-mallorca01-300x164.webp\" class=\"attachment-medium size-medium wp-image-4503\" alt=\"\" srcset=\"https:\/\/www.fincasmallorcacharme.com\/blog\/wp-content\/uploads\/2026\/02\/viaje-can-picafort-mallorca01-300x164.webp 300w, https:\/\/www.fincasmallorcacharme.com\/blog\/wp-content\/uploads\/2026\/02\/viaje-can-picafort-mallorca01-1024x558.webp 1024w, https:\/\/www.fincasmallorcacharme.com\/blog\/wp-content\/uploads\/2026\/02\/viaje-can-picafort-mallorca01-768x419.webp 768w, https:\/\/www.fincasmallorcacharme.com\/blog\/wp-content\/uploads\/2026\/02\/viaje-can-picafort-mallorca01.webp 1300w\" sizes=\"(max-width: 300px) 100vw, 300px\" \/><\/div><\/a>\n\t\t\t\t<div class=\"elementor-post__badge\">Sin categorizar<\/div>\n\t\t\t\t<div class=\"elementor-post__avatar\">\n\t\t\t\t\t<\/div>\n\t\t\t\t<div class=\"elementor-post__text\">\n\t\t\t\t<h3 class=\"elementor-post__title\"><span id=\"Que_hacer_en_tu_viaje_a_Can_Picafort_en_Mallorca-2\">\n\t\t\t<a href=\"https:\/\/www.fincasmallorcacharme.com\/blog\/que-hacer-can-picafort-mallorca\/\" >\n\t\t\t\tQu\u00e9 hacer en tu viaje a Can Picafort en Mallorca\t\t\t<\/a>\n\t\t<\/span><\/h3>\n\t\t\t\t<div class=\"elementor-post__excerpt\">\n\t\t\t<p>\u00bfHas o\u00eddo hablar de Can Picafort? Can Picafort es una zona costa norte pensada para disfrutar bien el tiempo, organizarte con cabeza y tener margen<\/p>\n\t\t<\/div>\n\t\t\n\t\t<a class=\"elementor-post__read-more\" href=\"https:\/\/www.fincasmallorcacharme.com\/blog\/que-hacer-can-picafort-mallorca\/\" aria-label=\"M\u00e1s informaci\u00f3n sobre Qu\u00e9 hacer en tu viaje a Can Picafort en Mallorca\" tabindex=\"-1\" >\n\t\t\tLeer m\u00e1s \u00bb\t\t<\/a>\n\n\t\t\t\t<\/div>\n\t\t\t\t<div class=\"elementor-post__meta-data\">\n\t\t\t\t\t<span class=\"elementor-post-date\">\n\t\t\t16 febrero, 2026\t\t<\/span>\n\t\t\t\t<\/div>\n\t\t\t\t\t<\/div>\n\t\t<\/article>\n\t\t\t\t<article class=\"elementor-post elementor-grid-item post-4490 post type-post status-publish format-standard has-post-thumbnail hentry category-mallorca\">\n\t\t\t<div class=\"elementor-post__card\">\n\t\t\t\t<a class=\"elementor-post__thumbnail__link\" href=\"https:\/\/www.fincasmallorcacharme.com\/blog\/lugares-que-visitar-desde-alcudia-mallorca\/\" tabindex=\"-1\" ><div class=\"elementor-post__thumbnail\"><img loading=\"lazy\" decoding=\"async\" width=\"300\" height=\"164\" src=\"https:\/\/www.fincasmallorcacharme.com\/blog\/wp-content\/uploads\/2026\/01\/alcudia-viaje-mallorca-01-300x164.webp\" class=\"attachment-medium size-medium wp-image-4449\" alt=\"\" srcset=\"https:\/\/www.fincasmallorcacharme.com\/blog\/wp-content\/uploads\/2026\/01\/alcudia-viaje-mallorca-01-300x164.webp 300w, https:\/\/www.fincasmallorcacharme.com\/blog\/wp-content\/uploads\/2026\/01\/alcudia-viaje-mallorca-01-1024x559.webp 1024w, https:\/\/www.fincasmallorcacharme.com\/blog\/wp-content\/uploads\/2026\/01\/alcudia-viaje-mallorca-01-768x419.webp 768w, https:\/\/www.fincasmallorcacharme.com\/blog\/wp-content\/uploads\/2026\/01\/alcudia-viaje-mallorca-01.webp 1400w\" sizes=\"(max-width: 300px) 100vw, 300px\" \/><\/div><\/a>\n\t\t\t\t<div class=\"elementor-post__badge\">Mallorca<\/div>\n\t\t\t\t<div class=\"elementor-post__avatar\">\n\t\t\t\t\t<\/div>\n\t\t\t\t<div class=\"elementor-post__text\">\n\t\t\t\t<h3 class=\"elementor-post__title\"><span id=\"Mejores_lugares_que_visitar_desde_Alcudia_en_tu_viaje_a_Mallorca-2\">\n\t\t\t<a href=\"https:\/\/www.fincasmallorcacharme.com\/blog\/lugares-que-visitar-desde-alcudia-mallorca\/\" >\n\t\t\t\tMejores lugares que visitar desde Alcudia en tu viaje a Mallorca\t\t\t<\/a>\n\t\t<\/span><\/h3>\n\t\t\t\t<div class=\"elementor-post__excerpt\">\n\t\t\t<p>Alcudia es ese punto del norte de Mallorca que te lo pone f\u00e1cil para moverte. En un radio corto tienes calas, rutas, pueblos con car\u00e1cter<\/p>\n\t\t<\/div>\n\t\t\n\t\t<a class=\"elementor-post__read-more\" href=\"https:\/\/www.fincasmallorcacharme.com\/blog\/lugares-que-visitar-desde-alcudia-mallorca\/\" aria-label=\"M\u00e1s informaci\u00f3n sobre Mejores lugares que visitar desde Alcudia en tu viaje a Mallorca\" tabindex=\"-1\" >\n\t\t\tLeer m\u00e1s \u00bb\t\t<\/a>\n\n\t\t\t\t<\/div>\n\t\t\t\t<div class=\"elementor-post__meta-data\">\n\t\t\t\t\t<span class=\"elementor-post-date\">\n\t\t\t14 enero, 2026\t\t<\/span>\n\t\t\t\t<\/div>\n\t\t\t\t\t<\/div>\n\t\t<\/article>\n\t\t\t\t<article class=\"elementor-post elementor-grid-item post-4425 post type-post status-publish format-standard has-post-thumbnail hentry category-playas-mallorca\">\n\t\t\t<div class=\"elementor-post__card\">\n\t\t\t\t<a class=\"elementor-post__thumbnail__link\" href=\"https:\/\/www.fincasmallorcacharme.com\/blog\/calas-cerca-playa-de-muro\/\" tabindex=\"-1\" ><div class=\"elementor-post__thumbnail\"><img loading=\"lazy\" decoding=\"async\" width=\"300\" height=\"200\" src=\"https:\/\/www.fincasmallorcacharme.com\/blog\/wp-content\/uploads\/2025\/12\/cala-mitjana-300x200.webp\" class=\"attachment-medium size-medium wp-image-4435\" alt=\"\" srcset=\"https:\/\/www.fincasmallorcacharme.com\/blog\/wp-content\/uploads\/2025\/12\/cala-mitjana-300x200.webp 300w, https:\/\/www.fincasmallorcacharme.com\/blog\/wp-content\/uploads\/2025\/12\/cala-mitjana-1024x684.webp 1024w, https:\/\/www.fincasmallorcacharme.com\/blog\/wp-content\/uploads\/2025\/12\/cala-mitjana-768x513.webp 768w, https:\/\/www.fincasmallorcacharme.com\/blog\/wp-content\/uploads\/2025\/12\/cala-mitjana.webp 1300w\" sizes=\"(max-width: 300px) 100vw, 300px\" \/><\/div><\/a>\n\t\t\t\t<div class=\"elementor-post__badge\">Playas de Mallorca<\/div>\n\t\t\t\t<div class=\"elementor-post__avatar\">\n\t\t\t\t\t<\/div>\n\t\t\t\t<div class=\"elementor-post__text\">\n\t\t\t\t<h3 class=\"elementor-post__title\"><span id=\"Las_5_mejores_calas_cerca_de_Playa_de_Muro_para_explorar_en_tu_viaje-2\">\n\t\t\t<a href=\"https:\/\/www.fincasmallorcacharme.com\/blog\/calas-cerca-playa-de-muro\/\" >\n\t\t\t\tLas 5 mejores calas cerca de Playa de Muro para explorar en tu viaje\t\t\t<\/a>\n\t\t<\/span><\/h3>\n\t\t\t\t<div class=\"elementor-post__excerpt\">\n\t\t\t<p>Si te alojas por Playa de Muro y te apetece cambiar el chip y meter en el mapa calas especiales, en Mallorca lo tienes f\u00e1cil.<\/p>\n\t\t<\/div>\n\t\t\n\t\t<a class=\"elementor-post__read-more\" href=\"https:\/\/www.fincasmallorcacharme.com\/blog\/calas-cerca-playa-de-muro\/\" aria-label=\"M\u00e1s informaci\u00f3n sobre Las 5 mejores calas cerca de Playa de Muro para explorar en tu viaje\" tabindex=\"-1\" >\n\t\t\tLeer m\u00e1s \u00bb\t\t<\/a>\n\n\t\t\t\t<\/div>\n\t\t\t\t<div class=\"elementor-post__meta-data\">\n\t\t\t\t\t<span class=\"elementor-post-date\">\n\t\t\t12 diciembre, 2025\t\t<\/span>\n\t\t\t\t<\/div>\n\t\t\t\t\t<\/div>\n\t\t<\/article>\n\t\t\t\t<article class=\"elementor-post elementor-grid-item post-4402 post type-post status-publish format-standard has-post-thumbnail hentry category-mallorca\">\n\t\t\t<div class=\"elementor-post__card\">\n\t\t\t\t<a class=\"elementor-post__thumbnail__link\" href=\"https:\/\/www.fincasmallorcacharme.com\/blog\/viajar-a-mallorca-primera-vez-errores-a-evitar\/\" tabindex=\"-1\" ><div class=\"elementor-post__thumbnail\"><img loading=\"lazy\" decoding=\"async\" width=\"300\" height=\"225\" src=\"https:\/\/www.fincasmallorcacharme.com\/blog\/wp-content\/uploads\/2025\/11\/mallorca_iluminada-300x225.webp\" class=\"attachment-medium size-medium wp-image-4403\" alt=\"\" srcset=\"https:\/\/www.fincasmallorcacharme.com\/blog\/wp-content\/uploads\/2025\/11\/mallorca_iluminada-300x225.webp 300w, https:\/\/www.fincasmallorcacharme.com\/blog\/wp-content\/uploads\/2025\/11\/mallorca_iluminada-1024x767.webp 1024w, https:\/\/www.fincasmallorcacharme.com\/blog\/wp-content\/uploads\/2025\/11\/mallorca_iluminada-768x575.webp 768w, https:\/\/www.fincasmallorcacharme.com\/blog\/wp-content\/uploads\/2025\/11\/mallorca_iluminada.webp 1400w\" sizes=\"(max-width: 300px) 100vw, 300px\" \/><\/div><\/a>\n\t\t\t\t<div class=\"elementor-post__badge\">Mallorca<\/div>\n\t\t\t\t<div class=\"elementor-post__avatar\">\n\t\t\t\t\t<\/div>\n\t\t\t\t<div class=\"elementor-post__text\">\n\t\t\t\t<h3 class=\"elementor-post__title\"><span id=\"Viajar_a_Mallorca_por_primera_vez_que_errores_deberias_evitar-2\">\n\t\t\t<a href=\"https:\/\/www.fincasmallorcacharme.com\/blog\/viajar-a-mallorca-primera-vez-errores-a-evitar\/\" >\n\t\t\t\tViajar a Mallorca por primera vez: qu\u00e9 errores deber\u00edas evitar\t\t\t<\/a>\n\t\t<\/span><\/h3>\n\t\t\t\t<div class=\"elementor-post__excerpt\">\n\t\t\t<p>Seguro que t\u00fa tambi\u00e9n has visto esas fotos incre\u00edbles que la gente ense\u00f1a sobre Mallorca y te han entrado ganas de venir. Y no es<\/p>\n\t\t<\/div>\n\t\t\n\t\t<a class=\"elementor-post__read-more\" href=\"https:\/\/www.fincasmallorcacharme.com\/blog\/viajar-a-mallorca-primera-vez-errores-a-evitar\/\" aria-label=\"M\u00e1s informaci\u00f3n sobre Viajar a Mallorca por primera vez: qu\u00e9 errores deber\u00edas evitar\" tabindex=\"-1\" >\n\t\t\tLeer m\u00e1s \u00bb\t\t<\/a>\n\n\t\t\t\t<\/div>\n\t\t\t\t<div class=\"elementor-post__meta-data\">\n\t\t\t\t\t<span class=\"elementor-post-date\">\n\t\t\t20 noviembre, 2025\t\t<\/span>\n\t\t\t\t<\/div>\n\t\t\t\t\t<\/div>\n\t\t<\/article>\n\t\t\t\t<\/div>\n\t\t\n\t\t\t\t<div class=\"e-load-more-anchor\" data-page=\"1\" data-max-page=\"24\" data-next-page=\"https:\/\/www.fincasmallorcacharme.com\/blog\/wp-json\/wp\/v2\/pages\/1298\/page\/2\/\"><\/div>\n\t\t\t\t<nav class=\"elementor-pagination\" aria-label=\"Paginaci\u00f3n\">\n\t\t\t<span class=\"page-numbers prev\">&laquo; Anterior<\/span>\n<a class=\"page-numbers next\" href=\"https:\/\/www.fincasmallorcacharme.com\/blog\/wp-json\/wp\/v2\/pages\/1298\/page\/2\/\">Siguiente &raquo;<\/a>\t\t<\/nav>\n\t\t\t\t<\/div>\n\t\t\t\t<\/div>\n\t\t\t\t<\/div>\n\t\t<div class=\"elementor-element elementor-element-f1d12ff e-con-full e-flex e-con e-child\" data-id=\"f1d12ff\" data-element_type=\"container\">\n\t\t<div class=\"elementor-element elementor-element-0961eb8 e-con-full e-flex e-con e-child\" data-id=\"0961eb8\" data-element_type=\"container\">\n\t\t\t\t<div class=\"elementor-element elementor-element-45f5657 elementor-search-form--skin-classic elementor-search-form--button-type-icon elementor-search-form--icon-search elementor-widget elementor-widget-search-form\" data-id=\"45f5657\" data-element_type=\"widget\" data-settings=\"{&quot;skin&quot;:&quot;classic&quot;}\" data-widget_type=\"search-form.default\">\n\t\t\t\t<div class=\"elementor-widget-container\">\n\t\t\t\t\t<search role=\"search\">\n\t\t\t<form class=\"elementor-search-form\" action=\"https:\/\/www.fincasmallorcacharme.com\/blog\" method=\"get\">\n\t\t\t\t\t\t\t\t\t\t\t\t<div class=\"elementor-search-form__container\">\n\t\t\t\t\t<label class=\"elementor-screen-only\" for=\"elementor-search-form-45f5657\">Buscar<\/label>\n\n\t\t\t\t\t\n\t\t\t\t\t<input id=\"elementor-search-form-45f5657\" placeholder=\"buscar\" class=\"elementor-search-form__input\" type=\"search\" name=\"s\" value=\"\">\n\t\t\t\t\t\n\t\t\t\t\t\t\t\t\t\t\t<button class=\"elementor-search-form__submit\" type=\"submit\" aria-label=\"Buscar\">\n\t\t\t\t\t\t\t\t\t\t\t\t\t\t\t<div class=\"e-font-icon-svg-container\"><svg class=\"fa fa-search e-font-icon-svg e-fas-search\" viewBox=\"0 0 512 512\" xmlns=\"http:\/\/www.w3.org\/2000\/svg\"><path d=\"M505 442.7L405.3 343c-4.5-4.5-10.6-7-17-7H372c27.6-35.3 44-79.7 44-128C416 93.1 322.9 0 208 0S0 93.1 0 208s93.1 208 208 208c48.3 0 92.7-16.4 128-44v16.3c0 6.4 2.5 12.5 7 17l99.7 99.7c9.4 9.4 24.6 9.4 33.9 0l28.3-28.3c9.4-9.4 9.4-24.6.1-34zM208 336c-70.7 0-128-57.2-128-128 0-70.7 57.2-128 128-128 70.7 0 128 57.2 128 128 0 70.7-57.2 128-128 128z\"><\/path><\/svg><\/div>\t\t\t\t\t\t\t\t<span class=\"elementor-screen-only\">Buscar<\/span>\n\t\t\t\t\t\t\t\t\t\t\t\t\t<\/button>\n\t\t\t\t\t\n\t\t\t\t\t\t\t\t\t<\/div>\n\t\t\t<\/form>\n\t\t<\/search>\n\t\t\t\t<\/div>\n\t\t\t\t<\/div>\n\t\t\t\t<\/div>\n\t\t<div class=\"elementor-element elementor-element-167da2b e-con-full e-flex e-con e-child\" data-id=\"167da2b\" data-element_type=\"container\">\n\t\t\t\t<\/div>\n\t\t<div class=\"elementor-element elementor-element-0859ceb e-con-full e-flex e-con e-child\" data-id=\"0859ceb\" data-element_type=\"container\">\n\t\t\t\t<div class=\"elementor-element elementor-element-614b74f elementor-widget elementor-widget-heading\" data-id=\"614b74f\" data-element_type=\"widget\" data-widget_type=\"heading.default\">\n\t\t\t\t<div class=\"elementor-widget-container\">\n\t\t\t<h4 class=\"elementor-heading-title elementor-size-default\"><span id=\"posts_populares\">posts populares<\/span><\/h4>\t\t<\/div>\n\t\t\t\t<\/div>\n\t\t\t\t<div class=\"elementor-element elementor-element-ed3d610 elementor-grid-1 elementor-posts--thumbnail-left elementor-posts--align-left elementor-grid-tablet-2 elementor-grid-mobile-1 elementor-widget elementor-widget-posts\" data-id=\"ed3d610\" data-element_type=\"widget\" data-settings=\"{&quot;classic_columns&quot;:&quot;1&quot;,&quot;classic_row_gap&quot;:{&quot;unit&quot;:&quot;px&quot;,&quot;size&quot;:30,&quot;sizes&quot;:[]},&quot;classic_columns_tablet&quot;:&quot;2&quot;,&quot;classic_columns_mobile&quot;:&quot;1&quot;,&quot;classic_row_gap_tablet&quot;:{&quot;unit&quot;:&quot;px&quot;,&quot;size&quot;:&quot;&quot;,&quot;sizes&quot;:[]},&quot;classic_row_gap_mobile&quot;:{&quot;unit&quot;:&quot;px&quot;,&quot;size&quot;:&quot;&quot;,&quot;sizes&quot;:[]}}\" data-widget_type=\"posts.classic\">\n\t\t\t\t<div class=\"elementor-widget-container\">\n\t\t\t\t\t<div class=\"elementor-posts-container elementor-posts elementor-posts--skin-classic elementor-grid\">\n\t\t\t\t<article class=\"elementor-post elementor-grid-item post-4546 post type-post status-publish format-standard has-post-thumbnail hentry category-mallorca\">\n\t\t\t\t<a class=\"elementor-post__thumbnail__link\" href=\"https:\/\/www.fincasmallorcacharme.com\/blog\/alquiler-villa-mallorca-agosto\/\" tabindex=\"-1\" >\n\t\t\t<div class=\"elementor-post__thumbnail\"><img loading=\"lazy\" decoding=\"async\" width=\"1400\" height=\"731\" src=\"https:\/\/www.fincasmallorcacharme.com\/blog\/wp-content\/uploads\/2026\/04\/mallorca-holidays-summer-villa.webp\" class=\"attachment-full size-full wp-image-4547\" alt=\"\" srcset=\"https:\/\/www.fincasmallorcacharme.com\/blog\/wp-content\/uploads\/2026\/04\/mallorca-holidays-summer-villa.webp 1400w, https:\/\/www.fincasmallorcacharme.com\/blog\/wp-content\/uploads\/2026\/04\/mallorca-holidays-summer-villa-300x157.webp 300w, https:\/\/www.fincasmallorcacharme.com\/blog\/wp-content\/uploads\/2026\/04\/mallorca-holidays-summer-villa-1024x535.webp 1024w, https:\/\/www.fincasmallorcacharme.com\/blog\/wp-content\/uploads\/2026\/04\/mallorca-holidays-summer-villa-768x401.webp 768w\" sizes=\"(max-width: 1400px) 100vw, 1400px\" \/><\/div>\n\t\t<\/a>\n\t\t\t\t<div class=\"elementor-post__text\">\n\t\t\t\t<h6 class=\"elementor-post__title\"><span id=\"Alquiler_de_villa_en_Mallorca_en_agosto_mejores_consejos-3\">\n\t\t\t<a href=\"https:\/\/www.fincasmallorcacharme.com\/blog\/alquiler-villa-mallorca-agosto\/\" >\n\t\t\t\tAlquiler de villa en Mallorca en agosto: mejores consejos\t\t\t<\/a>\n\t\t<\/span><\/h6>\n\t\t\t\t<div class=\"elementor-post__meta-data\">\n\t\t\t\t\t<span class=\"elementor-post-date\">\n\t\t\t18 abril, 2026\t\t<\/span>\n\t\t\t\t<\/div>\n\t\t\t\t<\/div>\n\t\t\t\t<\/article>\n\t\t\t\t<article class=\"elementor-post elementor-grid-item post-4520 post type-post status-publish format-standard has-post-thumbnail hentry category-pueblos-de-mallorca\">\n\t\t\t\t<a class=\"elementor-post__thumbnail__link\" href=\"https:\/\/www.fincasmallorcacharme.com\/blog\/que-ver-pollensa-mallorca\/\" tabindex=\"-1\" >\n\t\t\t<div class=\"elementor-post__thumbnail\"><img loading=\"lazy\" decoding=\"async\" width=\"1300\" height=\"631\" src=\"https:\/\/www.fincasmallorcacharme.com\/blog\/wp-content\/uploads\/2026\/03\/panoramica-cala-san-vicenc.webp\" class=\"attachment-full size-full wp-image-4535\" alt=\"\" srcset=\"https:\/\/www.fincasmallorcacharme.com\/blog\/wp-content\/uploads\/2026\/03\/panoramica-cala-san-vicenc.webp 1300w, https:\/\/www.fincasmallorcacharme.com\/blog\/wp-content\/uploads\/2026\/03\/panoramica-cala-san-vicenc-300x146.webp 300w, https:\/\/www.fincasmallorcacharme.com\/blog\/wp-content\/uploads\/2026\/03\/panoramica-cala-san-vicenc-1024x497.webp 1024w, https:\/\/www.fincasmallorcacharme.com\/blog\/wp-content\/uploads\/2026\/03\/panoramica-cala-san-vicenc-768x373.webp 768w\" sizes=\"(max-width: 1300px) 100vw, 1300px\" \/><\/div>\n\t\t<\/a>\n\t\t\t\t<div class=\"elementor-post__text\">\n\t\t\t\t<h6 class=\"elementor-post__title\"><span id=\"Mejores_lugares_que_visitar_en_Pollensa_en_Mallorca-3\">\n\t\t\t<a href=\"https:\/\/www.fincasmallorcacharme.com\/blog\/que-ver-pollensa-mallorca\/\" >\n\t\t\t\tMejores lugares que visitar en Pollensa en Mallorca\t\t\t<\/a>\n\t\t<\/span><\/h6>\n\t\t\t\t<div class=\"elementor-post__meta-data\">\n\t\t\t\t\t<span class=\"elementor-post-date\">\n\t\t\t19 marzo, 2026\t\t<\/span>\n\t\t\t\t<\/div>\n\t\t\t\t<\/div>\n\t\t\t\t<\/article>\n\t\t\t\t<article class=\"elementor-post elementor-grid-item post-4502 post type-post status-publish format-standard has-post-thumbnail hentry category-sin-categorizar\">\n\t\t\t\t<a class=\"elementor-post__thumbnail__link\" href=\"https:\/\/www.fincasmallorcacharme.com\/blog\/que-hacer-can-picafort-mallorca\/\" tabindex=\"-1\" >\n\t\t\t<div class=\"elementor-post__thumbnail\"><img loading=\"lazy\" decoding=\"async\" width=\"1300\" height=\"709\" src=\"https:\/\/www.fincasmallorcacharme.com\/blog\/wp-content\/uploads\/2026\/02\/viaje-can-picafort-mallorca01.webp\" class=\"attachment-full size-full wp-image-4503\" alt=\"\" srcset=\"https:\/\/www.fincasmallorcacharme.com\/blog\/wp-content\/uploads\/2026\/02\/viaje-can-picafort-mallorca01.webp 1300w, https:\/\/www.fincasmallorcacharme.com\/blog\/wp-content\/uploads\/2026\/02\/viaje-can-picafort-mallorca01-300x164.webp 300w, https:\/\/www.fincasmallorcacharme.com\/blog\/wp-content\/uploads\/2026\/02\/viaje-can-picafort-mallorca01-1024x558.webp 1024w, https:\/\/www.fincasmallorcacharme.com\/blog\/wp-content\/uploads\/2026\/02\/viaje-can-picafort-mallorca01-768x419.webp 768w\" sizes=\"(max-width: 1300px) 100vw, 1300px\" \/><\/div>\n\t\t<\/a>\n\t\t\t\t<div class=\"elementor-post__text\">\n\t\t\t\t<h6 class=\"elementor-post__title\"><span id=\"Que_hacer_en_tu_viaje_a_Can_Picafort_en_Mallorca-3\">\n\t\t\t<a href=\"https:\/\/www.fincasmallorcacharme.com\/blog\/que-hacer-can-picafort-mallorca\/\" >\n\t\t\t\tQu\u00e9 hacer en tu viaje a Can Picafort en Mallorca\t\t\t<\/a>\n\t\t<\/span><\/h6>\n\t\t\t\t<div class=\"elementor-post__meta-data\">\n\t\t\t\t\t<span class=\"elementor-post-date\">\n\t\t\t16 febrero, 2026\t\t<\/span>\n\t\t\t\t<\/div>\n\t\t\t\t<\/div>\n\t\t\t\t<\/article>\n\t\t\t\t<article class=\"elementor-post elementor-grid-item post-4490 post type-post status-publish format-standard has-post-thumbnail hentry category-mallorca\">\n\t\t\t\t<a class=\"elementor-post__thumbnail__link\" href=\"https:\/\/www.fincasmallorcacharme.com\/blog\/lugares-que-visitar-desde-alcudia-mallorca\/\" tabindex=\"-1\" >\n\t\t\t<div class=\"elementor-post__thumbnail\"><img loading=\"lazy\" decoding=\"async\" width=\"1400\" height=\"764\" src=\"https:\/\/www.fincasmallorcacharme.com\/blog\/wp-content\/uploads\/2026\/01\/alcudia-viaje-mallorca-01.webp\" class=\"attachment-full size-full wp-image-4449\" alt=\"\" srcset=\"https:\/\/www.fincasmallorcacharme.com\/blog\/wp-content\/uploads\/2026\/01\/alcudia-viaje-mallorca-01.webp 1400w, https:\/\/www.fincasmallorcacharme.com\/blog\/wp-content\/uploads\/2026\/01\/alcudia-viaje-mallorca-01-300x164.webp 300w, https:\/\/www.fincasmallorcacharme.com\/blog\/wp-content\/uploads\/2026\/01\/alcudia-viaje-mallorca-01-1024x559.webp 1024w, https:\/\/www.fincasmallorcacharme.com\/blog\/wp-content\/uploads\/2026\/01\/alcudia-viaje-mallorca-01-768x419.webp 768w\" sizes=\"(max-width: 1400px) 100vw, 1400px\" \/><\/div>\n\t\t<\/a>\n\t\t\t\t<div class=\"elementor-post__text\">\n\t\t\t\t<h6 class=\"elementor-post__title\"><span id=\"Mejores_lugares_que_visitar_desde_Alcudia_en_tu_viaje_a_Mallorca-3\">\n\t\t\t<a href=\"https:\/\/www.fincasmallorcacharme.com\/blog\/lugares-que-visitar-desde-alcudia-mallorca\/\" >\n\t\t\t\tMejores lugares que visitar desde Alcudia en tu viaje a Mallorca\t\t\t<\/a>\n\t\t<\/span><\/h6>\n\t\t\t\t<div class=\"elementor-post__meta-data\">\n\t\t\t\t\t<span class=\"elementor-post-date\">\n\t\t\t14 enero, 2026\t\t<\/span>\n\t\t\t\t<\/div>\n\t\t\t\t<\/div>\n\t\t\t\t<\/article>\n\t\t\t\t<\/div>\n\t\t\n\t\t\t\t<\/div>\n\t\t\t\t<\/div>\n\t\t\t\t<\/div>\n\t\t<div class=\"elementor-element elementor-element-a535ba5 e-con-full elementor-hidden-desktop elementor-hidden-tablet elementor-hidden-mobile e-flex e-con e-child\" data-id=\"a535ba5\" data-element_type=\"container\">\n\t\t\t\t<div class=\"elementor-element elementor-element-f0fe0df elementor-widget elementor-widget-heading\" data-id=\"f0fe0df\" data-element_type=\"widget\" data-widget_type=\"heading.default\">\n\t\t\t\t<div class=\"elementor-widget-container\">\n\t\t\t<h4 class=\"elementor-heading-title elementor-size-default\"><span id=\"CATEGORIAS\">CATEGOR\u00cdAS<\/span><\/h4>\t\t<\/div>\n\t\t\t\t<\/div>\n\t\t\t\t<div class=\"elementor-element elementor-element-07bc342 elementor-align-left elementor-widget elementor-widget-elementskit-category-list\" data-id=\"07bc342\" data-element_type=\"widget\" data-widget_type=\"elementskit-category-list.default\">\n\t\t\t\t<div class=\"elementor-widget-container\">\n\t\t\t<div class=\"ekit-wid-con\" >\t\t<ul class=\"elementor-icon-list-items\">\n\t\t\t\t\t\t\t<li class=\"elementor-icon-list-item\">\n\t\t\t\t\t<a href=\"https:\/\/www.fincasmallorcacharme.com\/blog\/category\/mallorca\/\" >\n                                                <span class=\"elementor-icon-list-text\">Mallorca<\/span>\n\t\t\t\t\t<\/a>\n\t\t\t\t<\/li>\n\t\t\t\t\t\t\t\t<li class=\"elementor-icon-list-item\">\n\t\t\t\t\t<a href=\"https:\/\/www.fincasmallorcacharme.com\/blog\/category\/pueblos-de-mallorca\/\" >\n                                                <span class=\"elementor-icon-list-text\">Pueblos de Mallorca<\/span>\n\t\t\t\t\t<\/a>\n\t\t\t\t<\/li>\n\t\t\t\t\t\t\t\t<li class=\"elementor-icon-list-item\">\n\t\t\t\t\t<a href=\"https:\/\/www.fincasmallorcacharme.com\/blog\/category\/playas-mallorca\/\" >\n                                                <span class=\"elementor-icon-list-text\">Playas de Mallorca<\/span>\n\t\t\t\t\t<\/a>\n\t\t\t\t<\/li>\n\t\t\t\t\t\t\t\t<li class=\"elementor-icon-list-item\">\n\t\t\t\t\t<a href=\"https:\/\/www.fincasmallorcacharme.com\/blog\/category\/mercados-mallorca\/\" >\n                                                <span class=\"elementor-icon-list-text\">Mercados de Mallorca<\/span>\n\t\t\t\t\t<\/a>\n\t\t\t\t<\/li>\n\t\t\t\t\t\t\t\t<li class=\"elementor-icon-list-item\">\n\t\t\t\t\t<a href=\"https:\/\/www.fincasmallorcacharme.com\/blog\/category\/mallorca-con-ninos\/\" >\n                                                <span class=\"elementor-icon-list-text\">Mallorca con Ni\u00f1os<\/span>\n\t\t\t\t\t<\/a>\n\t\t\t\t<\/li>\n\t\t\t\t\t\t\t\t<li class=\"elementor-icon-list-item\">\n\t\t\t\t\t<a href=\"https:\/\/www.fincasmallorcacharme.com\/blog\/category\/servicios\/\" >\n                                                <span class=\"elementor-icon-list-text\">Servicios<\/span>\n\t\t\t\t\t<\/a>\n\t\t\t\t<\/li>\n\t\t\t\t\t\t<\/ul>\n\t\t<\/div>\t\t<\/div>\n\t\t\t\t<\/div>\n\t\t\t\t<\/div>\n\t\t\t\t<\/div>\n\t\t\t\t\t<\/div>\n\t\t\t\t<\/div>\n\t\t\t\t<\/div>\n\t\t","protected":false},"excerpt":{"rendered":"<p>&Uuml;bersicht1 BLOG2 sobre Mallorca3 Las 5 playas con menos gente que debes visitar en Mallorca 4 Las mejores rutas de senderismo para tu viaje a<\/p>\n","protected":false},"author":2,"featured_media":0,"parent":0,"menu_order":0,"comment_status":"closed","ping_status":"closed","template":"","meta":{"ngg_post_thumbnail":0,"footnotes":""},"class_list":["post-1298","page","type-page","status-publish","hentry"],"yoast_head":"<!-- This site is optimized with the Yoast SEO plugin v26.2 - https:\/\/yoast.com\/wordpress\/plugins\/seo\/ -->\n<title>Recomendaciones para viajar a Mallorca | Blog Mallorca Charme<\/title>\n<meta name=\"description\" content=\"Aqu\u00ed tienes la informaci\u00f3n \u00fatil de Mallorca Charme para ayudarte a preparar todo para tu viaje a la isla, con todos nuestros consejos.\" \/>\n<meta name=\"robots\" content=\"index, follow, max-snippet:-1, max-image-preview:large, max-video-preview:-1\" \/>\n<link rel=\"canonical\" href=\"https:\/\/www.fincasmallorcacharme.com\/blog\/\" \/>\n<meta property=\"og:locale\" content=\"es_ES\" \/>\n<meta property=\"og:type\" content=\"article\" \/>\n<meta property=\"og:title\" content=\"Recomendaciones para viajar a Mallorca | Blog Mallorca Charme\" \/>\n<meta property=\"og:description\" content=\"Aqu\u00ed tienes la informaci\u00f3n \u00fatil de Mallorca Charme para ayudarte a preparar todo para tu viaje a la isla, con todos nuestros consejos.\" \/>\n<meta property=\"og:url\" content=\"https:\/\/www.fincasmallorcacharme.com\/blog\/\" \/>\n<meta property=\"og:site_name\" content=\"Blog Mallorca Charme\" \/>\n<meta property=\"article:modified_time\" content=\"2025-02-25T15:48:15+00:00\" \/>\n<meta property=\"og:image\" content=\"https:\/\/www.fincasmallorcacharme.com\/blog\/wp-content\/uploads\/2025\/01\/grupos-grandes-mallorca.jpg\" \/>\n<meta name=\"twitter:card\" content=\"summary_large_image\" \/>\n<meta name=\"twitter:label1\" content=\"Tiempo de lectura\" \/>\n\t<meta name=\"twitter:data1\" content=\"2 minutos\" \/>\n<script type=\"application\/ld+json\" class=\"yoast-schema-graph\">{\"@context\":\"https:\/\/schema.org\",\"@graph\":[{\"@type\":\"WebPage\",\"@id\":\"https:\/\/www.fincasmallorcacharme.com\/blog\/\",\"url\":\"https:\/\/www.fincasmallorcacharme.com\/blog\/\",\"name\":\"Recomendaciones para viajar a Mallorca | Blog Mallorca Charme\",\"isPartOf\":{\"@id\":\"https:\/\/www.fincasmallorcacharme.com\/blog\/en\/#website\"},\"primaryImageOfPage\":{\"@id\":\"https:\/\/www.fincasmallorcacharme.com\/blog\/#primaryimage\"},\"image\":{\"@id\":\"https:\/\/www.fincasmallorcacharme.com\/blog\/#primaryimage\"},\"thumbnailUrl\":\"https:\/\/www.fincasmallorcacharme.com\/blog\/wp-content\/uploads\/2025\/01\/grupos-grandes-mallorca.jpg\",\"datePublished\":\"2019-11-11T12:11:19+00:00\",\"dateModified\":\"2025-02-25T15:48:15+00:00\",\"description\":\"Aqu\u00ed tienes la informaci\u00f3n \u00fatil de Mallorca Charme para ayudarte a preparar todo para tu viaje a la isla, con todos nuestros consejos.\",\"inLanguage\":\"es\",\"potentialAction\":[{\"@type\":\"ReadAction\",\"target\":[\"https:\/\/www.fincasmallorcacharme.com\/blog\/\"]}]},{\"@type\":\"ImageObject\",\"inLanguage\":\"es\",\"@id\":\"https:\/\/www.fincasmallorcacharme.com\/blog\/#primaryimage\",\"url\":\"https:\/\/www.fincasmallorcacharme.com\/blog\/wp-content\/uploads\/2025\/01\/grupos-grandes-mallorca.jpg\",\"contentUrl\":\"https:\/\/www.fincasmallorcacharme.com\/blog\/wp-content\/uploads\/2025\/01\/grupos-grandes-mallorca.jpg\",\"width\":1200,\"height\":800,\"caption\":\"Portrait of four generation family waving from beach\"},{\"@type\":\"WebSite\",\"@id\":\"https:\/\/www.fincasmallorcacharme.com\/blog\/en\/#website\",\"url\":\"https:\/\/www.fincasmallorcacharme.com\/blog\/en\/\",\"name\":\"Blog Mallorca Charme\",\"description\":\"Fincasmallorcacharme Blog\",\"publisher\":{\"@id\":\"https:\/\/www.fincasmallorcacharme.com\/blog\/en\/#organization\"},\"potentialAction\":[{\"@type\":\"SearchAction\",\"target\":{\"@type\":\"EntryPoint\",\"urlTemplate\":\"https:\/\/www.fincasmallorcacharme.com\/blog\/en\/?s={search_term_string}\"},\"query-input\":{\"@type\":\"PropertyValueSpecification\",\"valueRequired\":true,\"valueName\":\"search_term_string\"}}],\"inLanguage\":\"es\"},{\"@type\":\"Organization\",\"@id\":\"https:\/\/www.fincasmallorcacharme.com\/blog\/en\/#organization\",\"name\":\"Blog Mallorca Charme\",\"url\":\"https:\/\/www.fincasmallorcacharme.com\/blog\/en\/\",\"logo\":{\"@type\":\"ImageObject\",\"inLanguage\":\"es\",\"@id\":\"https:\/\/www.fincasmallorcacharme.com\/blog\/en\/#\/schema\/logo\/image\/\",\"url\":\"https:\/\/www.fincasmallorcacharme.com\/blog\/wp-content\/uploads\/2020\/02\/cropped-headerrrrr-1.png\",\"contentUrl\":\"https:\/\/www.fincasmallorcacharme.com\/blog\/wp-content\/uploads\/2020\/02\/cropped-headerrrrr-1.png\",\"width\":1250,\"height\":250,\"caption\":\"Blog Mallorca Charme\"},\"image\":{\"@id\":\"https:\/\/www.fincasmallorcacharme.com\/blog\/en\/#\/schema\/logo\/image\/\"}}]}<\/script>\n<!-- \/ Yoast SEO plugin. -->","yoast_head_json":{"title":"Recomendaciones para viajar a Mallorca | Blog Mallorca Charme","description":"Aqu\u00ed tienes la informaci\u00f3n \u00fatil de Mallorca Charme para ayudarte a preparar todo para tu viaje a la isla, con todos nuestros consejos.","robots":{"index":"index","follow":"follow","max-snippet":"max-snippet:-1","max-image-preview":"max-image-preview:large","max-video-preview":"max-video-preview:-1"},"canonical":"https:\/\/www.fincasmallorcacharme.com\/blog\/","og_locale":"es_ES","og_type":"article","og_title":"Recomendaciones para viajar a Mallorca | Blog Mallorca Charme","og_description":"Aqu\u00ed tienes la informaci\u00f3n \u00fatil de Mallorca Charme para ayudarte a preparar todo para tu viaje a la isla, con todos nuestros consejos.","og_url":"https:\/\/www.fincasmallorcacharme.com\/blog\/","og_site_name":"Blog Mallorca Charme","article_modified_time":"2025-02-25T15:48:15+00:00","og_image":[{"url":"https:\/\/www.fincasmallorcacharme.com\/blog\/wp-content\/uploads\/2025\/01\/grupos-grandes-mallorca.jpg","type":"","width":"","height":""}],"twitter_card":"summary_large_image","twitter_misc":{"Tiempo de lectura":"2 minutos"},"schema":{"@context":"https:\/\/schema.org","@graph":[{"@type":"WebPage","@id":"https:\/\/www.fincasmallorcacharme.com\/blog\/","url":"https:\/\/www.fincasmallorcacharme.com\/blog\/","name":"Recomendaciones para viajar a Mallorca | Blog Mallorca Charme","isPartOf":{"@id":"https:\/\/www.fincasmallorcacharme.com\/blog\/en\/#website"},"primaryImageOfPage":{"@id":"https:\/\/www.fincasmallorcacharme.com\/blog\/#primaryimage"},"image":{"@id":"https:\/\/www.fincasmallorcacharme.com\/blog\/#primaryimage"},"thumbnailUrl":"https:\/\/www.fincasmallorcacharme.com\/blog\/wp-content\/uploads\/2025\/01\/grupos-grandes-mallorca.jpg","datePublished":"2019-11-11T12:11:19+00:00","dateModified":"2025-02-25T15:48:15+00:00","description":"Aqu\u00ed tienes la informaci\u00f3n \u00fatil de Mallorca Charme para ayudarte a preparar todo para tu viaje a la isla, con todos nuestros consejos.","inLanguage":"es","potentialAction":[{"@type":"ReadAction","target":["https:\/\/www.fincasmallorcacharme.com\/blog\/"]}]},{"@type":"ImageObject","inLanguage":"es","@id":"https:\/\/www.fincasmallorcacharme.com\/blog\/#primaryimage","url":"https:\/\/www.fincasmallorcacharme.com\/blog\/wp-content\/uploads\/2025\/01\/grupos-grandes-mallorca.jpg","contentUrl":"https:\/\/www.fincasmallorcacharme.com\/blog\/wp-content\/uploads\/2025\/01\/grupos-grandes-mallorca.jpg","width":1200,"height":800,"caption":"Portrait of four generation family waving from beach"},{"@type":"WebSite","@id":"https:\/\/www.fincasmallorcacharme.com\/blog\/en\/#website","url":"https:\/\/www.fincasmallorcacharme.com\/blog\/en\/","name":"Blog Mallorca Charme","description":"Fincasmallorcacharme Blog","publisher":{"@id":"https:\/\/www.fincasmallorcacharme.com\/blog\/en\/#organization"},"potentialAction":[{"@type":"SearchAction","target":{"@type":"EntryPoint","urlTemplate":"https:\/\/www.fincasmallorcacharme.com\/blog\/en\/?s={search_term_string}"},"query-input":{"@type":"PropertyValueSpecification","valueRequired":true,"valueName":"search_term_string"}}],"inLanguage":"es"},{"@type":"Organization","@id":"https:\/\/www.fincasmallorcacharme.com\/blog\/en\/#organization","name":"Blog Mallorca Charme","url":"https:\/\/www.fincasmallorcacharme.com\/blog\/en\/","logo":{"@type":"ImageObject","inLanguage":"es","@id":"https:\/\/www.fincasmallorcacharme.com\/blog\/en\/#\/schema\/logo\/image\/","url":"https:\/\/www.fincasmallorcacharme.com\/blog\/wp-content\/uploads\/2020\/02\/cropped-headerrrrr-1.png","contentUrl":"https:\/\/www.fincasmallorcacharme.com\/blog\/wp-content\/uploads\/2020\/02\/cropped-headerrrrr-1.png","width":1250,"height":250,"caption":"Blog Mallorca Charme"},"image":{"@id":"https:\/\/www.fincasmallorcacharme.com\/blog\/en\/#\/schema\/logo\/image\/"}}]}},"amp_enabled":false,"_links":{"self":[{"href":"https:\/\/www.fincasmallorcacharme.com\/blog\/wp-json\/wp\/v2\/pages\/1298","targetHints":{"allow":["GET"]}}],"collection":[{"href":"https:\/\/www.fincasmallorcacharme.com\/blog\/wp-json\/wp\/v2\/pages"}],"about":[{"href":"https:\/\/www.fincasmallorcacharme.com\/blog\/wp-json\/wp\/v2\/types\/page"}],"author":[{"embeddable":true,"href":"https:\/\/www.fincasmallorcacharme.com\/blog\/wp-json\/wp\/v2\/users\/2"}],"replies":[{"embeddable":true,"href":"https:\/\/www.fincasmallorcacharme.com\/blog\/wp-json\/wp\/v2\/comments?post=1298"}],"version-history":[{"count":49,"href":"https:\/\/www.fincasmallorcacharme.com\/blog\/wp-json\/wp\/v2\/pages\/1298\/revisions"}],"predecessor-version":[{"id":4197,"href":"https:\/\/www.fincasmallorcacharme.com\/blog\/wp-json\/wp\/v2\/pages\/1298\/revisions\/4197"}],"wp:attachment":[{"href":"https:\/\/www.fincasmallorcacharme.com\/blog\/wp-json\/wp\/v2\/media?parent=1298"}],"curies":[{"name":"wp","href":"https:\/\/api.w.org\/{rel}","templated":true}]}}