{"version":"1.0","provider_name":"Blog Mallorca Charme","provider_url":"https:\/\/www.fincasmallorcacharme.com\/blog\/de\/","author_name":"mallorcacharme","author_url":"https:\/\/www.fincasmallorcacharme.com\/blog\/de\/author\/mallorcacharme\/","title":"Pla de Mallorca - Blog Mallorca Charme","type":"rich","width":600,"height":338,"html":"<blockquote class=\"wp-embedded-content\" data-secret=\"10OxEH0YtA\"><a href=\"https:\/\/www.fincasmallorcacharme.com\/blog\/de\/pla-de-mallorca\/\">Pla de Mallorca<\/a><\/blockquote><iframe sandbox=\"allow-scripts\" security=\"restricted\" src=\"https:\/\/www.fincasmallorcacharme.com\/blog\/de\/pla-de-mallorca\/embed\/#?secret=10OxEH0YtA\" width=\"600\" height=\"338\" title=\"&#8222;Pla de Mallorca&#8220; &#8211; Blog Mallorca Charme\" data-secret=\"10OxEH0YtA\" frameborder=\"0\" marginwidth=\"0\" marginheight=\"0\" scrolling=\"no\" class=\"wp-embedded-content\"><\/iframe><script>\n\/*! This file is auto-generated *\/\n!function(d,l){\"use strict\";l.querySelector&&d.addEventListener&&\"undefined\"!=typeof URL&&(d.wp=d.wp||{},d.wp.receiveEmbedMessage||(d.wp.receiveEmbedMessage=function(e){var t=e.data;if((t||t.secret||t.message||t.value)&&!\/[^a-zA-Z0-9]\/.test(t.secret)){for(var s,r,n,a=l.querySelectorAll('iframe[data-secret=\"'+t.secret+'\"]'),o=l.querySelectorAll('blockquote[data-secret=\"'+t.secret+'\"]'),c=new RegExp(\"^https?:$\",\"i\"),i=0;i<o.length;i++)o[i].style.display=\"none\";for(i=0;i<a.length;i++)s=a[i],e.source===s.contentWindow&&(s.removeAttribute(\"style\"),\"height\"===t.message?(1e3<(r=parseInt(t.value,10))?r=1e3:~~r<200&&(r=200),s.height=r):\"link\"===t.message&&(r=new URL(s.getAttribute(\"src\")),n=new URL(t.value),c.test(n.protocol))&&n.host===r.host&&l.activeElement===s&&(d.top.location.href=t.value))}},d.addEventListener(\"message\",d.wp.receiveEmbedMessage,!1),l.addEventListener(\"DOMContentLoaded\",function(){for(var e,t,s=l.querySelectorAll(\"iframe.wp-embedded-content\"),r=0;r<s.length;r++)(t=(e=s[r]).getAttribute(\"data-secret\"))||(t=Math.random().toString(36).substring(2,12),e.src+=\"#?secret=\"+t,e.setAttribute(\"data-secret\",t)),e.contentWindow.postMessage({message:\"ready\",secret:t},\"*\")},!1)))}(window,document);\n<\/script>\n","thumbnail_url":"https:\/\/www.fincasmallorcacharme.com\/blog\/wp-content\/uploads\/2017\/12\/Pla-de-Mallorca.png","thumbnail_width":440,"thumbnail_height":413,"description":"Pla de Mallorca Pla de Mallorca\u00a0oder\u00a0Es Pla\u00a0ist eine Region (katalanisch:\u00a0Comarca) auf der\u00a0spanischen\u00a0Baleareninsel\u00a0Mallorca. Sie befindet sich im zentralen Teil der Insel.\u00a0Es Pla\u00a0ist eine Ebene zwischen den Bergketten derSerra de Tramuntana\u00a0im Nordwesten und den\u00a0Serres de Llevant\u00a0im Osten, die nur von kleineren H\u00f6henz\u00fcgen unterbrochen wird. H\u00f6chster Punkt ist an der Grenze zum s\u00fcdlich angrenzenden\u00a0Migjorn\u00a0der 540\u00a0Meter hohe\u00a0Tafelberg\u00a0Puig de Randa...."}